{"id":2522,"date":"2021-01-17T23:35:19","date_gmt":"2021-01-17T23:35:19","guid":{"rendered":"http:\/\/victor-rodrigo.com\/vrodrigo\/?page_id=2522"},"modified":"2021-04-15T23:07:32","modified_gmt":"2021-04-15T23:07:32","slug":"tallers-i-formacio-2","status":"publish","type":"page","link":"http:\/\/victor-rodrigo.com\/vrodrigo\/tallers-i-formacio-2\/","title":{"rendered":"Tallers i formaci\u00f3"},"content":{"rendered":"<p>[et_pb_section fb_built=&#8221;1&#8243; _builder_version=&#8221;4.5.6&#8243; background_color=&#8221;#353831&#8243; background_image=&#8221;http:\/\/victor-rodrigo.com\/vrodrigo\/wp-content\/uploads\/2021\/01\/Pattern2-02-02.png&#8221; da_disable_devices=&#8221;off|off|off&#8221; border_color_bottom=&#8221;#63cfdb&#8221; da_is_popup=&#8221;off&#8221; da_exit_intent=&#8221;off&#8221; da_has_close=&#8221;on&#8221; da_alt_close=&#8221;off&#8221; da_dark_close=&#8221;off&#8221; da_not_modal=&#8221;on&#8221; da_is_singular=&#8221;off&#8221; da_with_loader=&#8221;off&#8221; da_has_shadow=&#8221;on&#8221;][et_pb_row column_structure=&#8221;1_3,2_3&#8243; _builder_version=&#8221;4.5.6&#8243; custom_margin=&#8221;||50px|&#8221; hover_enabled=&#8221;0&#8243; custom_margin_last_edited=&#8221;on|phone&#8221; custom_margin_phone=&#8221;4vh||||false|false&#8221;][et_pb_column type=&#8221;1_3&#8243; _builder_version=&#8221;3.25&#8243; custom_padding=&#8221;|||&#8221; custom_padding__hover=&#8221;|||&#8221;][\/et_pb_column][et_pb_column type=&#8221;2_3&#8243; _builder_version=&#8221;3.25&#8243; custom_padding=&#8221;|||&#8221; custom_padding__hover=&#8221;|||&#8221;][et_pb_text _builder_version=&#8221;4.5.6&#8243; text_font=&#8221;Actor||||||||&#8221; text_text_color=&#8221;#ffffff&#8221; text_font_size=&#8221;16px&#8221; header_3_font=&#8221;Reem Kufi||||||||&#8221; header_3_text_color=&#8221;#ffffff&#8221;]<\/p>\n<p>La classe de dansa jazz de <strong>V\u00edctor Josep Rodrigo<\/strong>\u00a0es basa en exercicis on s&#8217;uneixen t\u00e8cnica i ritme. L&#8217;anatomia adquireix una import\u00e0ncia que es va desenvolupant al llarg de la primera part de la classe. Durant la sessi\u00f3, s&#8217;informa dels diferents estils de dansa jazz (Dunham, Ailey, Mattox, Fosse, Simonson,&#8230;).<\/p>\n<p>Els exercicis estan coreografiats i adaptats a la m\u00fasica per a poder sentir el treball t\u00e8cnic sense oblidar la part art\u00edstica, treballant estils i ritmes jazz\u00edstics (blues, soul, jazz rock, \u00e0cid jazz, bossa nova, mambo,&#8230;).<\/p>\n<p>Tamb\u00e9 hi ha un treball de coneixement de la nomenclatura de diferents passos de dansa que ens porten a la part final de la coreografia.\u00a0<\/p>\n<p>[\/et_pb_text][\/et_pb_column][\/et_pb_row][\/et_pb_section][et_pb_section fb_built=&#8221;1&#8243; _builder_version=&#8221;4.5.6&#8243; background_color=&#8221;#353831&#8243; background_image=&#8221;http:\/\/victor-rodrigo.com\/vrodrigo\/wp-content\/uploads\/2021\/01\/Pattern2-02-02.png&#8221; hover_enabled=&#8221;0&#8243; da_disable_devices=&#8221;off|off|off&#8221; border_width_bottom=&#8221;2px&#8221; border_color_bottom=&#8221;#63cfdb&#8221; custom_margin_last_edited=&#8221;on|phone&#8221; custom_margin_phone=&#8221;-18vh||||false|false&#8221; da_is_popup=&#8221;off&#8221; da_exit_intent=&#8221;off&#8221; da_has_close=&#8221;on&#8221; da_alt_close=&#8221;off&#8221; da_dark_close=&#8221;off&#8221; da_not_modal=&#8221;on&#8221; da_is_singular=&#8221;off&#8221; da_with_loader=&#8221;off&#8221; da_has_shadow=&#8221;on&#8221;][et_pb_row _builder_version=&#8221;4.5.6&#8243; max_width=&#8221;950px&#8221; module_alignment=&#8221;left&#8221; custom_margin=&#8221;||60px|&#8221; custom_margin_tablet=&#8221;|-30px|60px|&#8221; custom_margin_phone=&#8221;&#8221; custom_margin_last_edited=&#8221;on|phone&#8221; custom_padding=&#8221;0px||0px|&#8221; border_color_top=&#8221;#666666&#8243; border_style_top=&#8221;double&#8221; border_color_right=&#8221;#666666&#8243; border_style_right=&#8221;double&#8221; border_color_bottom=&#8221;#666666&#8243; border_style_bottom=&#8221;double&#8221; border_color_left=&#8221;#666666&#8243; border_style_left=&#8221;double&#8221; use_custom_width=&#8221;on&#8221; custom_width_px=&#8221;950px&#8221;][et_pb_column type=&#8221;4_4&#8243; _builder_version=&#8221;4.5.6&#8243; background_enable_image=&#8221;off&#8221; background_size=&#8221;initial&#8221; custom_padding=&#8221;|||&#8221; custom_padding__hover=&#8221;|||&#8221;][et_pb_text _builder_version=&#8221;4.5.6&#8243; header_font=&#8221;||||||||&#8221; header_text_color=&#8221;#ffffff&#8221; header_2_font=&#8221;Reem Kufi||||||||&#8221; header_2_text_align=&#8221;right&#8221; header_2_text_color=&#8221;#ffffff&#8221; header_2_font_size=&#8221;50px&#8221; header_3_font=&#8221;Reem Kufi||||||||&#8221; header_3_text_align=&#8221;right&#8221; header_3_text_color=&#8221;#ffffff&#8221; background_color=&#8221;#f17f29&#8243; custom_margin=&#8221;||||false|false&#8221; custom_margin_tablet=&#8221;|||30%&#8221; custom_margin_phone=&#8221;|-25%||&#8221; custom_margin_last_edited=&#8221;on|phone&#8221; custom_padding=&#8221;30px|5%|30px|5%|false|false&#8221; mix_blend_mode=&#8221;multiply&#8221; header_2_font_size_tablet=&#8221;35px&#8221; header_2_font_size_phone=&#8221;30px&#8221; header_2_font_size_last_edited=&#8221;on|phone&#8221; header_3_font_size_tablet=&#8221;18px&#8221; header_3_font_size_phone=&#8221;16px&#8221; header_3_font_size_last_edited=&#8221;on|phone&#8221;]<\/p>\n<h2>TALLER ESPEC\u00cdFIC DE<\/h2>\n<h2>DANSA JAZZ<\/h2>\n<h3>aquest projecte neix amb la voluntat de donar a con\u00e8ixer<\/h3>\n<h3>diferents estils i t\u00e8cniques de la dansa jazz<\/h3>\n<p>[\/et_pb_text][et_pb_divider color=&#8221;#f17f29&#8243; divider_style=&#8221;dashed&#8221; _builder_version=&#8221;4.5.6&#8243; _module_preset=&#8221;default&#8221; custom_margin=&#8221;-1vh||||false|false&#8221;][\/et_pb_divider][\/et_pb_column][\/et_pb_row][et_pb_row column_structure=&#8221;2_5,3_5&#8243; _builder_version=&#8221;3.25&#8243; custom_margin=&#8221;||50px|&#8221;][et_pb_column type=&#8221;2_5&#8243; _builder_version=&#8221;3.25&#8243; custom_padding=&#8221;|||&#8221; custom_padding__hover=&#8221;|||&#8221;][et_pb_image src=&#8221;http:\/\/victor-rodrigo.com\/vrodrigo\/wp-content\/uploads\/2018\/09\/Foto-1.png&#8221; align_tablet=&#8221;center&#8221; align_phone=&#8221;&#8221; align_last_edited=&#8221;on|desktop&#8221; _builder_version=&#8221;3.23&#8243; border_width_all=&#8221;15px&#8221; border_color_all=&#8221;rgba(0,0,0,0)&#8221; box_shadow_style=&#8221;preset1&#8243; box_shadow_blur=&#8221;56px&#8221; box_shadow_spread=&#8221;12px&#8221;]&nbsp;<br \/>\n[\/et_pb_image][\/et_pb_column][et_pb_column type=&#8221;3_5&#8243; _builder_version=&#8221;3.25&#8243; custom_padding=&#8221;|||&#8221; custom_padding__hover=&#8221;|||&#8221;][et_pb_text _builder_version=&#8221;4.5.6&#8243; header_3_font=&#8221;Reem Kufi||||||||&#8221; header_3_text_color=&#8221;#ffffff&#8221;]<\/p>\n<h3>OBJETIUS:<\/h3>\n<p>[\/et_pb_text][et_pb_blurb use_icon=&#8221;on&#8221; font_icon=&#8221;%%45%%&#8221; icon_placement=&#8221;left&#8221; _builder_version=&#8221;4.5.6&#8243; _module_preset=&#8221;default&#8221; body_font=&#8221;Reem Kufi||||||||&#8221; body_text_color=&#8221;#ffffff&#8221; body_font_size=&#8221;21px&#8221;]<\/p>\n<p>Adquireix coneixements de la dansa jazz i de la seva <span style=\"color: #f96900;\">uni\u00f3 amb el ritme i la m\u00fasica jazz<\/span><\/p>\n<p>[\/et_pb_blurb][et_pb_blurb use_icon=&#8221;on&#8221; font_icon=&#8221;%%45%%&#8221; icon_placement=&#8221;left&#8221; _builder_version=&#8221;4.5.6&#8243; _module_preset=&#8221;default&#8221; body_font=&#8221;Reem Kufi||||||||&#8221; body_text_color=&#8221;#ffffff&#8221; body_font_size=&#8221;21px&#8221;]<\/p>\n<p>Con\u00e8ixer la <span style=\"color: #f96900;\">traject\u00f2ria i l&#8217;hist\u00f2ria dels diferents estils de la dansa jazz<\/span>\u00a0(durant el taller es d\u00f3na informaci\u00f3 sobre els creadors de les diferents t\u00e8cniques: <span style=\"color: #f96900;\">DUNHAM, COLE, AILEY, MATTOX, FOSSE,&#8230;)<\/span><\/p>\n<p>[\/et_pb_blurb][et_pb_blurb use_icon=&#8221;on&#8221; font_icon=&#8221;%%45%%&#8221; icon_placement=&#8221;left&#8221; _builder_version=&#8221;4.5.6&#8243; _module_preset=&#8221;default&#8221; body_font=&#8221;Reem Kufi||||||||&#8221; body_text_color=&#8221;#ffffff&#8221; body_font_size=&#8221;21px&#8221;]<\/p>\n<p>Adquirir la\u00a0<span style=\"color: #f96900;\">conci\u00e8ncia del treball anat\u00f2mic<\/span>\u00a0per a la correcta pr\u00e0ctica de la dansa jazz<\/p>\n<p>[\/et_pb_blurb][et_pb_blurb use_icon=&#8221;on&#8221; font_icon=&#8221;%%45%%&#8221; icon_placement=&#8221;left&#8221; _builder_version=&#8221;4.5.6&#8243; _module_preset=&#8221;default&#8221; body_font=&#8221;Reem Kufi||||||||&#8221; body_text_color=&#8221;#ffffff&#8221; body_font_size=&#8221;21px&#8221;]<\/p>\n<p>Con\u00e8ixer la <span style=\"color: #f96900;\">qualitat del moviment<\/span>\u00a0depenent de l&#8217;estil que es treballi\u00a0<\/p>\n<p>[\/et_pb_blurb][et_pb_blurb use_icon=&#8221;on&#8221; font_icon=&#8221;%%45%%&#8221; icon_placement=&#8221;left&#8221; _builder_version=&#8221;4.5.6&#8243; _module_preset=&#8221;default&#8221; body_font=&#8221;Reem Kufi||||||||&#8221; body_text_color=&#8221;#ffffff&#8221; body_font_size=&#8221;21px&#8221;]<\/p>\n<p>Ser capa\u00e7 de\u00a0<span style=\"color: #f96900;\">raonar i crear improvitzacions <\/span>\u00a0del moviment en relaci\u00f3 amb la m\u00fasica i\/o el ritme de jazz\u00a0<\/p>\n<p>[\/et_pb_blurb][et_pb_blurb use_icon=&#8221;on&#8221; font_icon=&#8221;%%45%%&#8221; icon_placement=&#8221;left&#8221; _builder_version=&#8221;4.5.6&#8243; _module_preset=&#8221;default&#8221; body_font=&#8221;Reem Kufi||||||||&#8221; body_text_color=&#8221;#ffffff&#8221; body_font_size=&#8221;21px&#8221;]<\/p>\n<p><span style=\"color: #f96900;\">Con\u00e8ixer e identificar<\/span>\u00a0els diferents estils de dansa i m\u00fasica jazz aix\u00ed com la seva evoluci\u00f3 hist\u00f2rica<\/p>\n<p>[\/et_pb_blurb][\/et_pb_column][\/et_pb_row][\/et_pb_section][et_pb_section fb_built=&#8221;1&#8243; _builder_version=&#8221;4.5.6&#8243; background_color=&#8221;#353831&#8243; background_image=&#8221;http:\/\/victor-rodrigo.com\/vrodrigo\/wp-content\/uploads\/2021\/01\/Pattern2-02-02.png&#8221; da_disable_devices=&#8221;off|off|off&#8221; border_width_bottom=&#8221;3px&#8221; border_color_bottom=&#8221;#63cfdb&#8221; da_is_popup=&#8221;off&#8221; da_exit_intent=&#8221;off&#8221; da_has_close=&#8221;on&#8221; da_alt_close=&#8221;off&#8221; da_dark_close=&#8221;off&#8221; da_not_modal=&#8221;on&#8221; da_is_singular=&#8221;off&#8221; da_with_loader=&#8221;off&#8221; da_has_shadow=&#8221;on&#8221;][et_pb_row _builder_version=&#8221;4.5.6&#8243; max_width=&#8221;950px&#8221; module_alignment=&#8221;right&#8221; custom_margin=&#8221;||60px|&#8221; custom_padding=&#8221;0px||0px|&#8221; border_color_top=&#8221;#666666&#8243; border_style_top=&#8221;double&#8221; border_color_right=&#8221;#666666&#8243; border_style_right=&#8221;double&#8221; border_color_bottom=&#8221;#666666&#8243; border_style_bottom=&#8221;double&#8221; border_color_left=&#8221;#666666&#8243; border_style_left=&#8221;double&#8221; use_custom_width=&#8221;on&#8221; custom_width_px=&#8221;950px&#8221;][et_pb_column type=&#8221;4_4&#8243; _builder_version=&#8221;4.5.6&#8243; background_enable_image=&#8221;off&#8221; background_size=&#8221;initial&#8221; background_repeat=&#8221;repeat&#8221; custom_padding=&#8221;|||&#8221; custom_padding__hover=&#8221;|||&#8221;][et_pb_text _builder_version=&#8221;4.5.6&#8243; header_2_font=&#8221;Reem Kufi||||||||&#8221; header_2_text_align=&#8221;right&#8221; header_2_text_color=&#8221;#ffffff&#8221; header_2_font_size=&#8221;50px&#8221; header_3_text_align=&#8221;center&#8221; header_3_text_color=&#8221;#ff894f&#8221; background_color=&#8221;#f17f29&#8243; custom_margin=&#8221;||||false|false&#8221; custom_margin_tablet=&#8221;|||-75%&#8221; custom_margin_phone=&#8221;|||0%|false|false&#8221; custom_margin_last_edited=&#8221;on|desktop&#8221; custom_padding=&#8221;30px|5%|30px|5%|false|false&#8221; mix_blend_mode=&#8221;multiply&#8221; header_2_font_size_tablet=&#8221;26px&#8221; header_2_font_size_phone=&#8221;30px&#8221; header_2_font_size_last_edited=&#8221;on|tablet&#8221;]<\/p>\n<h2>FORMACI\u00d3 I RECICLATGE DE MESTRES I BALLARINS DE<\/h2>\n<h2>DANSA JAZZ<\/h2>\n<h3><\/h3>\n<p>[\/et_pb_text][et_pb_divider color=&#8221;#f17f29&#8243; divider_style=&#8221;dashed&#8221; _builder_version=&#8221;4.5.6&#8243; _module_preset=&#8221;default&#8221; custom_margin=&#8221;-1vh||||false|false&#8221;][\/et_pb_divider][\/et_pb_column][\/et_pb_row][et_pb_row column_structure=&#8221;3_5,2_5&#8243; _builder_version=&#8221;3.25&#8243; custom_margin=&#8221;||50px|&#8221;][et_pb_column type=&#8221;3_5&#8243; _builder_version=&#8221;3.25&#8243; custom_padding=&#8221;|||&#8221; custom_padding__hover=&#8221;|||&#8221;][et_pb_text _builder_version=&#8221;4.5.6&#8243; header_3_font=&#8221;Reem Kufi||||||||&#8221; header_3_text_color=&#8221;#ffffff&#8221;]<\/p>\n<h3>OBJECTIUS:<\/h3>\n<p>[\/et_pb_text][et_pb_blurb use_icon=&#8221;on&#8221; font_icon=&#8221;%%45%%&#8221; icon_placement=&#8221;left&#8221; _builder_version=&#8221;4.5.6&#8243; _module_preset=&#8221;default&#8221; body_font=&#8221;Reem Kufi||||||||&#8221; body_text_color=&#8221;#ffffff&#8221; body_font_size=&#8221;21px&#8221;]<\/p>\n<p>Utilizar las\u00a0<span style=\"color: #f96900;\">diferents t\u00e8cniques en dansa jazz<\/span>\u00a0amb la finalitat de que el mestre pugui accedir a nivell anat\u00f2mic, t\u00e8cnic i estil per a crear una classe de dansa jazz<\/p>\n<p>[\/et_pb_blurb][et_pb_blurb use_icon=&#8221;on&#8221; font_icon=&#8221;%%45%%&#8221; icon_placement=&#8221;left&#8221; _builder_version=&#8221;4.5.6&#8243; _module_preset=&#8221;default&#8221; body_font=&#8221;Reem Kufi||||||||&#8221; body_text_color=&#8221;#ffffff&#8221; body_font_size=&#8221;21px&#8221;]<\/p>\n<p>El contingut de la classe ser\u00e0 pr\u00e0ctic i sempre s&#8217;establir\u00e0 com a prioritat l&#8217;<span style=\"color: #f96900;\">asimilaci\u00f3 dels exercicis amb el ritme i la m\u00fasica<\/span>\u00a0per a poder facilitar a l&#8217;alumne-a\/ballar\u00ed-na, un llenguatge corporal que uneixi t\u00e8cnica i estil<\/p>\n<p>[\/et_pb_blurb][et_pb_blurb use_icon=&#8221;on&#8221; font_icon=&#8221;%%45%%&#8221; icon_placement=&#8221;left&#8221; _builder_version=&#8221;4.5.6&#8243; _module_preset=&#8221;default&#8221; body_font=&#8221;Reem Kufi||||||||&#8221; body_text_color=&#8221;#ffffff&#8221; body_font_size=&#8221;21px&#8221;]<\/p>\n<p>Es treballen estils com el\u00a0<span style=\"color: #f96900;\">blues, jazz rock, espirituals, musical,&#8230;<\/span><\/p>\n<p>[\/et_pb_blurb][et_pb_text _builder_version=&#8221;4.5.6&#8243; header_4_font=&#8221;Reem Kufi||||||||&#8221; header_4_text_color=&#8221;#ffffff&#8221;]<\/p>\n<h4>Contingut pr\u00e0ctic i te\u00f2ric:<\/h4>\n<p>[\/et_pb_text][et_pb_blurb use_icon=&#8221;on&#8221; font_icon=&#8221;%%45%%&#8221; icon_placement=&#8221;left&#8221; _builder_version=&#8221;4.5.6&#8243; _module_preset=&#8221;default&#8221; body_font=&#8221;Reem Kufi||||||||&#8221; body_text_color=&#8221;#ffffff&#8221; body_font_size=&#8221;21px&#8221;]<\/p>\n<p>Saprendr\u00e0 el treball previ de\u00a0<span style=\"color: #f96900;\">ordenar una classe<\/span>\u00a0i saber\u00a0<span style=\"color: #f96900;\">a qui va dirigida<\/span><\/p>\n<p>[\/et_pb_blurb][et_pb_blurb use_icon=&#8221;on&#8221; font_icon=&#8221;%%45%%&#8221; icon_placement=&#8221;left&#8221; _builder_version=&#8221;4.5.6&#8243; _module_preset=&#8221;default&#8221; body_font=&#8221;Reem Kufi||||||||&#8221; body_text_color=&#8221;#ffffff&#8221; body_font_size=&#8221;21px&#8221;]<\/p>\n<p>Donarem una \u00a0<span style=\"color: #f96900;\">programaci\u00f3 dels diferents nivells<\/span>\u00a0i traballarem l&#8217;utilitzaci\u00f3 dels estils que m\u00e9s convinguin a l&#8217;alumne-a\/ballar\u00ed-na (coordinaci\u00f3 Mattox, elasticitat Simonson, ritme Dunham,&#8230;)<\/p>\n<p>[\/et_pb_blurb][et_pb_blurb use_icon=&#8221;on&#8221; font_icon=&#8221;%%45%%&#8221; icon_placement=&#8221;left&#8221; _builder_version=&#8221;4.5.6&#8243; _module_preset=&#8221;default&#8221; body_font=&#8221;Reem Kufi||||||||&#8221; body_text_color=&#8221;#ffffff&#8221; body_font_size=&#8221;21px&#8221;]<\/p>\n<p>La classe de 2h es repartir\u00e0\u00a0en \u00a0<span style=\"color: #f96900;\">1:30h de classe pr\u00e0ctica i 30 min de teoria<\/span>\u00a0i preguntes<\/p>\n<p>[\/et_pb_blurb][\/et_pb_column][et_pb_column type=&#8221;2_5&#8243; _builder_version=&#8221;3.25&#8243; custom_padding=&#8221;|||&#8221; custom_padding__hover=&#8221;|||&#8221;][et_pb_image src=&#8221;http:\/\/victor-rodrigo.com\/vrodrigo\/wp-content\/uploads\/2018\/09\/Foto-2-1.png&#8221; align_tablet=&#8221;center&#8221; align_phone=&#8221;&#8221; align_last_edited=&#8221;on|desktop&#8221; _builder_version=&#8221;3.23&#8243; custom_margin=&#8221;50px|||&#8221; border_width_all=&#8221;15px&#8221; border_color_all=&#8221;rgba(0,0,0,0)&#8221; box_shadow_style=&#8221;preset1&#8243; box_shadow_blur=&#8221;56px&#8221; box_shadow_spread=&#8221;12px&#8221;]&nbsp;<br \/>\n[\/et_pb_image][\/et_pb_column][\/et_pb_row][\/et_pb_section][et_pb_section fb_built=&#8221;1&#8243; _builder_version=&#8221;4.5.6&#8243; background_color=&#8221;#353831&#8243; background_image=&#8221;http:\/\/victor-rodrigo.com\/vrodrigo\/wp-content\/uploads\/2021\/01\/Pattern2-02-02.png&#8221; da_disable_devices=&#8221;off|off|off&#8221; border_width_bottom=&#8221;3px&#8221; border_color_bottom=&#8221;#63cfdb&#8221; da_is_popup=&#8221;off&#8221; da_exit_intent=&#8221;off&#8221; da_has_close=&#8221;on&#8221; da_alt_close=&#8221;off&#8221; da_dark_close=&#8221;off&#8221; da_not_modal=&#8221;on&#8221; da_is_singular=&#8221;off&#8221; da_with_loader=&#8221;off&#8221; da_has_shadow=&#8221;on&#8221;][et_pb_row _builder_version=&#8221;4.5.6&#8243; max_width=&#8221;950px&#8221; module_alignment=&#8221;left&#8221; custom_margin=&#8221;||||false|false&#8221; custom_padding=&#8221;0px||0px|&#8221; border_color_top=&#8221;#666666&#8243; border_style_top=&#8221;double&#8221; border_color_right=&#8221;#666666&#8243; border_style_right=&#8221;double&#8221; border_color_bottom=&#8221;#666666&#8243; border_style_bottom=&#8221;double&#8221; border_color_left=&#8221;#666666&#8243; border_style_left=&#8221;double&#8221; use_custom_width=&#8221;on&#8221; custom_width_px=&#8221;950px&#8221;][et_pb_column type=&#8221;4_4&#8243; _builder_version=&#8221;4.5.6&#8243; background_enable_image=&#8221;off&#8221; background_size=&#8221;initial&#8221; background_repeat=&#8221;repeat&#8221; custom_padding=&#8221;|||&#8221; custom_padding__hover=&#8221;|||&#8221;][et_pb_text _builder_version=&#8221;4.5.6&#8243; header_font=&#8221;||||||||&#8221; header_2_font=&#8221;Reem Kufi||||||||&#8221; header_2_text_align=&#8221;left&#8221; header_2_text_color=&#8221;#ffffff&#8221; header_2_font_size=&#8221;50px&#8221; header_3_font=&#8221;Reem Kufi||||||||&#8221; header_3_text_align=&#8221;left&#8221; header_3_text_color=&#8221;#ffffff&#8221; background_color=&#8221;#f17f29&#8243; custom_margin=&#8221;||||false|false&#8221; custom_margin_tablet=&#8221;|||21%&#8221; custom_margin_phone=&#8221;|-27%||35%&#8221; custom_margin_last_edited=&#8221;on|phone&#8221; custom_padding=&#8221;30px|5%|30px|5%|false|false&#8221; mix_blend_mode=&#8221;multiply&#8221; header_2_font_size_tablet=&#8221;35px&#8221; header_2_font_size_phone=&#8221;30px&#8221; header_2_font_size_last_edited=&#8221;on|phone&#8221; header_3_font_size_tablet=&#8221;18px&#8221; header_3_font_size_phone=&#8221;&#8221; header_3_font_size_last_edited=&#8221;on|phone&#8221;]<\/p>\n<h2>APRENENTATGE PER A TOTS ELS PROFESSORS\u00a0<\/h2>\n<h2>DE DANSA JAZZ<\/h2>\n<h3>segons el nivell del curs\u00a0<\/h3>\n<p>[\/et_pb_text][et_pb_divider color=&#8221;#f17f29&#8243; divider_style=&#8221;dashed&#8221; _builder_version=&#8221;4.5.6&#8243; _module_preset=&#8221;default&#8221; custom_margin=&#8221;-1vh||||false|false&#8221;][\/et_pb_divider][\/et_pb_column][\/et_pb_row][et_pb_row _builder_version=&#8221;3.25&#8243;][et_pb_column type=&#8221;4_4&#8243; _builder_version=&#8221;3.25&#8243; custom_padding=&#8221;|||&#8221; custom_padding__hover=&#8221;|||&#8221;][et_pb_text _builder_version=&#8221;4.5.6&#8243; header_3_font=&#8221;Reem Kufi||||||||&#8221; header_3_text_color=&#8221;#ffffff&#8221;]<\/p>\n<h3>OBJECTIUS:<\/h3>\n<p>[\/et_pb_text][\/et_pb_column][\/et_pb_row][et_pb_row column_structure=&#8221;1_2,1_2&#8243; _builder_version=&#8221;3.25&#8243; custom_margin=&#8221;||50px|&#8221;][et_pb_column type=&#8221;1_2&#8243; _builder_version=&#8221;3.25&#8243; custom_padding=&#8221;|||&#8221; custom_padding__hover=&#8221;|||&#8221;][et_pb_blurb use_icon=&#8221;on&#8221; font_icon=&#8221;%%45%%&#8221; icon_placement=&#8221;left&#8221; _builder_version=&#8221;4.5.6&#8243; _module_preset=&#8221;default&#8221; body_font=&#8221;Reem Kufi||||||||&#8221; body_text_color=&#8221;#ffffff&#8221; body_font_size=&#8221;21px&#8221;]<\/p>\n<p>Coneixement de la <span style=\"color: #f96900;\">nomenclatura i la t\u00e8cnica<\/span>\u00a0de cada curs<\/p>\n<p>[\/et_pb_blurb][et_pb_blurb use_icon=&#8221;on&#8221; font_icon=&#8221;%%45%%&#8221; icon_placement=&#8221;left&#8221; _builder_version=&#8221;4.5.6&#8243; _module_preset=&#8221;default&#8221; body_font=&#8221;Reem Kufi||||||||&#8221; body_text_color=&#8221;#ffffff&#8221; body_font_size=&#8221;21px&#8221;]<\/p>\n<p><span style=\"color: #f96900;\">Col\u00b7locaci\u00f3<\/span>\u00a0del cos a l&#8217;espai\u00a0<\/p>\n<p>[\/et_pb_blurb][et_pb_blurb use_icon=&#8221;on&#8221; font_icon=&#8221;%%45%%&#8221; icon_placement=&#8221;left&#8221; _builder_version=&#8221;4.5.6&#8243; _module_preset=&#8221;default&#8221; body_font=&#8221;Reem Kufi||||||||&#8221; body_text_color=&#8221;#ffffff&#8221; body_font_size=&#8221;21px&#8221;]<\/p>\n<p>Sentit de l&#8217;<span style=\"color: #f96900;\">equilibri<\/span>\u00a0(col\u00b7locaci\u00f3 del peu i l&#8217;utilitzaci\u00f3 del focus)<\/p>\n<p>[\/et_pb_blurb][et_pb_blurb use_icon=&#8221;on&#8221; font_icon=&#8221;%%45%%&#8221; icon_placement=&#8221;left&#8221; _builder_version=&#8221;4.5.6&#8243; _module_preset=&#8221;default&#8221; body_font=&#8221;Reem Kufi||||||||&#8221; body_text_color=&#8221;#ffffff&#8221; body_font_size=&#8221;21px&#8221;]<\/p>\n<p>Desenvolupament de la\u00a0<span style=\"color: #f96900;\">coordinaci\u00f3<\/span>\u00a0del tros i les extremitats\u00a0<\/p>\n<p>[\/et_pb_blurb][\/et_pb_column][et_pb_column type=&#8221;1_2&#8243; _builder_version=&#8221;3.25&#8243; custom_padding=&#8221;|||&#8221; custom_padding__hover=&#8221;|||&#8221;][et_pb_blurb use_icon=&#8221;on&#8221; font_icon=&#8221;%%45%%&#8221; icon_placement=&#8221;left&#8221; _builder_version=&#8221;4.5.6&#8243; _module_preset=&#8221;default&#8221; body_font=&#8221;Reem Kufi||||||||&#8221; body_text_color=&#8221;#ffffff&#8221; body_font_size=&#8221;21px&#8221;]<\/p>\n<p>Desenvolupament de\u00a0<span style=\"color: #f96900;\">mem\u00f2ria<\/span>\u00a0auditiva i visual<\/p>\n<p>[\/et_pb_blurb][et_pb_blurb use_icon=&#8221;on&#8221; font_icon=&#8221;%%45%%&#8221; icon_placement=&#8221;left&#8221; _builder_version=&#8221;4.5.6&#8243; _module_preset=&#8221;default&#8221; body_font=&#8221;Reem Kufi||||||||&#8221; body_text_color=&#8221;#ffffff&#8221; body_font_size=&#8221;21px&#8221;]<\/p>\n<p>Control de l&#8217;<span style=\"color: #f96900;\">energia i la respiraci\u00f3<\/span><\/p>\n<p>[\/et_pb_blurb][et_pb_blurb use_icon=&#8221;on&#8221; font_icon=&#8221;%%45%%&#8221; icon_placement=&#8221;left&#8221; _builder_version=&#8221;4.5.6&#8243; _module_preset=&#8221;default&#8221; body_font=&#8221;Reem Kufi||||||||&#8221; body_text_color=&#8221;#ffffff&#8221; body_font_size=&#8221;21px&#8221;]<\/p>\n<p><span style=\"color: #f96900;\">Temps musicals<\/span>\u00a0(compasos, treballs de temps i contratemps,&#8230;)<\/p>\n<p>[\/et_pb_blurb][\/et_pb_column][\/et_pb_row][\/et_pb_section][et_pb_section fb_built=&#8221;1&#8243; _builder_version=&#8221;4.5.6&#8243; background_color=&#8221;#353831&#8243; background_image=&#8221;http:\/\/victor-rodrigo.com\/vrodrigo\/wp-content\/uploads\/2021\/01\/Pattern2-02-02.png&#8221; da_disable_devices=&#8221;off|off|off&#8221; da_is_popup=&#8221;off&#8221; da_exit_intent=&#8221;off&#8221; da_has_close=&#8221;on&#8221; da_alt_close=&#8221;off&#8221; da_dark_close=&#8221;off&#8221; da_not_modal=&#8221;on&#8221; da_is_singular=&#8221;off&#8221; da_with_loader=&#8221;off&#8221; da_has_shadow=&#8221;on&#8221;][et_pb_row _builder_version=&#8221;4.5.6&#8243; max_width=&#8221;950px&#8221; module_alignment=&#8221;right&#8221; custom_margin=&#8221;||60px|&#8221; custom_padding=&#8221;0px||0px|&#8221; border_color_top=&#8221;#666666&#8243; border_style_top=&#8221;double&#8221; border_color_right=&#8221;#666666&#8243; border_style_right=&#8221;double&#8221; border_color_bottom=&#8221;#666666&#8243; border_style_bottom=&#8221;double&#8221; border_color_left=&#8221;#666666&#8243; border_style_left=&#8221;double&#8221; use_custom_width=&#8221;on&#8221; custom_width_px=&#8221;950px&#8221;][et_pb_column type=&#8221;4_4&#8243; _builder_version=&#8221;4.5.6&#8243; background_enable_image=&#8221;off&#8221; background_size=&#8221;initial&#8221; background_repeat=&#8221;repeat&#8221; custom_padding=&#8221;|||&#8221; custom_padding__hover=&#8221;|||&#8221;][et_pb_text _builder_version=&#8221;4.5.6&#8243; header_2_font=&#8221;Reem Kufi||||||||&#8221; header_2_text_align=&#8221;left&#8221; header_2_text_color=&#8221;#ffffff&#8221; header_2_font_size=&#8221;50px&#8221; header_3_font=&#8221;Reem Kufi||||||||&#8221; header_3_text_align=&#8221;left&#8221; header_3_text_color=&#8221;#ffffff&#8221; background_color=&#8221;#f17f29&#8243; custom_margin=&#8221;||||false|false&#8221; custom_margin_tablet=&#8221;|||0px|false|false&#8221; custom_margin_phone=&#8221;|||0px|false|false&#8221; custom_margin_last_edited=&#8221;on|desktop&#8221; custom_padding=&#8221;30px|5%|30px|5%|false|false&#8221; mix_blend_mode=&#8221;multiply&#8221; header_2_font_size_tablet=&#8221;35px&#8221; header_2_font_size_phone=&#8221;30px&#8221; header_2_font_size_last_edited=&#8221;on|phone&#8221; header_3_font_size_tablet=&#8221;18px&#8221; header_3_font_size_phone=&#8221;16px&#8221; header_3_font_size_last_edited=&#8221;on|phone&#8221;]<\/p>\n<h2>CONSTRUCCI\u00d3 D&#8217;UNA CLASSE<\/h2>\n<h2>DE DANSA JAZZ<\/h2>\n<h3>el programa de curs es donar\u00e0 a les sessions pr\u00e0ctiques<\/h3>\n<p>[\/et_pb_text][et_pb_divider color=&#8221;#f17f29&#8243; divider_style=&#8221;dashed&#8221; _builder_version=&#8221;4.5.6&#8243; _module_preset=&#8221;default&#8221; custom_margin=&#8221;-1vh||||false|false&#8221;][\/et_pb_divider][\/et_pb_column][\/et_pb_row][et_pb_row _builder_version=&#8221;3.25&#8243; background_size=&#8221;initial&#8221; background_position=&#8221;top_left&#8221; background_repeat=&#8221;repeat&#8221;][et_pb_column type=&#8221;4_4&#8243; _builder_version=&#8221;3.25&#8243; custom_padding=&#8221;|||&#8221; custom_padding__hover=&#8221;|||&#8221;][et_pb_text _builder_version=&#8221;4.5.6&#8243; header_3_font=&#8221;Reem Kufi||||||||&#8221; header_3_text_color=&#8221;#ffffff&#8221;]<\/p>\n<h3>OBJETIUS:<\/h3>\n<p>[\/et_pb_text][\/et_pb_column][\/et_pb_row][et_pb_row column_structure=&#8221;1_2,1_2&#8243; _builder_version=&#8221;3.25&#8243; custom_margin=&#8221;||50px|&#8221;][et_pb_column type=&#8221;1_2&#8243; _builder_version=&#8221;3.25&#8243; custom_padding=&#8221;|||&#8221; custom_padding__hover=&#8221;|||&#8221;][et_pb_blurb use_icon=&#8221;on&#8221; font_icon=&#8221;%%45%%&#8221; icon_placement=&#8221;left&#8221; _builder_version=&#8221;4.5.6&#8243; _module_preset=&#8221;default&#8221; body_font=&#8221;Reem Kufi||||||||&#8221; body_text_color=&#8221;#ffffff&#8221; body_font_size=&#8221;21px&#8221;]<\/p>\n<p>Escalfament general<\/p>\n<p>[\/et_pb_blurb][et_pb_blurb use_icon=&#8221;on&#8221; font_icon=&#8221;%%45%%&#8221; icon_placement=&#8221;left&#8221; _builder_version=&#8221;4.5.6&#8243; _module_preset=&#8221;default&#8221; body_font=&#8221;Reem Kufi||||||||&#8221; body_text_color=&#8221;#ffffff&#8221; body_font_size=&#8221;21px&#8221;]<\/p>\n<p>Treball r\u00edtmic coreografiat<\/p>\n<p>[\/et_pb_blurb][et_pb_blurb use_icon=&#8221;on&#8221; font_icon=&#8221;%%45%%&#8221; icon_placement=&#8221;left&#8221; _builder_version=&#8221;4.5.6&#8243; _module_preset=&#8221;default&#8221; body_font=&#8221;Reem Kufi||||||||&#8221; body_text_color=&#8221;#ffffff&#8221; body_font_size=&#8221;21px&#8221;]<\/p>\n<p>Escalfament d&#8217;articulacions i extremitats inferiors<\/p>\n<p>[\/et_pb_blurb][et_pb_blurb use_icon=&#8221;on&#8221; font_icon=&#8221;%%45%%&#8221; icon_placement=&#8221;left&#8221; _builder_version=&#8221;4.5.6&#8243; _module_preset=&#8221;default&#8221; body_font=&#8221;Reem Kufi||||||||&#8221; body_text_color=&#8221;#ffffff&#8221; body_font_size=&#8221;21px&#8221;]<\/p>\n<p>Barra<\/p>\n<p>[\/et_pb_blurb][\/et_pb_column][et_pb_column type=&#8221;1_2&#8243; _builder_version=&#8221;3.25&#8243; custom_padding=&#8221;|||&#8221; custom_padding__hover=&#8221;|||&#8221;][et_pb_blurb use_icon=&#8221;on&#8221; font_icon=&#8221;%%45%%&#8221; icon_placement=&#8221;left&#8221; _builder_version=&#8221;4.5.6&#8243; _module_preset=&#8221;default&#8221; body_font=&#8221;Reem Kufi||||||||&#8221; body_text_color=&#8221;#ffffff&#8221; body_font_size=&#8221;21px&#8221;]<\/p>\n<p>Treball de terra<\/p>\n<p>[\/et_pb_blurb][et_pb_blurb use_icon=&#8221;on&#8221; font_icon=&#8221;%%45%%&#8221; icon_placement=&#8221;left&#8221; _builder_version=&#8221;4.5.6&#8243; _module_preset=&#8221;default&#8221; body_font=&#8221;Reem Kufi||||||||&#8221; body_text_color=&#8221;#ffffff&#8221; body_font_size=&#8221;21px&#8221;]<\/p>\n<p>Grans estiraments<\/p>\n<p>[\/et_pb_blurb][et_pb_blurb use_icon=&#8221;on&#8221; font_icon=&#8221;%%45%%&#8221; icon_placement=&#8221;left&#8221; _builder_version=&#8221;4.5.6&#8243; _module_preset=&#8221;default&#8221; body_font=&#8221;Reem Kufi||||||||&#8221; body_text_color=&#8221;#ffffff&#8221; body_font_size=&#8221;21px&#8221;]<\/p>\n<p>Treball de centre<\/p>\n<p>[\/et_pb_blurb][et_pb_blurb use_icon=&#8221;on&#8221; font_icon=&#8221;%%45%%&#8221; icon_placement=&#8221;left&#8221; _builder_version=&#8221;4.5.6&#8243; _module_preset=&#8221;default&#8221; body_font=&#8221;Reem Kufi||||||||&#8221; body_text_color=&#8221;#ffffff&#8221; body_font_size=&#8221;21px&#8221;]<\/p>\n<p><strong>Variaci\u00f3:<\/strong>\u00a0\u00e9s molt important l&#8217;utilitzaci\u00f3 de diferents estils de m\u00fasica jazz aix\u00ed com explicar l&#8217;hist\u00f2ria de la dansa i la m\u00fasica a les classes<\/p>\n<p>[\/et_pb_blurb][\/et_pb_column][\/et_pb_row][et_pb_row column_structure=&#8221;1_2,1_2&#8243; _builder_version=&#8221;4.5.6&#8243; use_background_color_gradient=&#8221;on&#8221; background_color_gradient_start=&#8221;rgba(249,105,0,0.84)&#8221; background_color_gradient_end=&#8221;rgba(255,255,255,0)&#8221; background_color_gradient_type=&#8221;radial&#8221; background_color_gradient_start_position=&#8221;50.8%&#8221; background_color_gradient_end_position=&#8221;50.8%&#8221; custom_margin=&#8221;|||&#8221; custom_padding=&#8221;58px||99px||false|false&#8221;][et_pb_column type=&#8221;1_2&#8243; _builder_version=&#8221;3.25&#8243; custom_padding=&#8221;|||&#8221; custom_padding__hover=&#8221;|||&#8221;][et_pb_image src=&#8221;http:\/\/victor-rodrigo.com\/vrodrigo\/wp-content\/uploads\/2018\/09\/Foto-3.png&#8221; align_tablet=&#8221;center&#8221; align_phone=&#8221;&#8221; align_last_edited=&#8221;on|desktop&#8221; _builder_version=&#8221;3.23&#8243; custom_margin=&#8221;0px||||false&#8221; custom_padding=&#8221;|||&#8221; border_width_all=&#8221;15px&#8221; border_color_all=&#8221;rgba(255,255,255,0)&#8221; box_shadow_style=&#8221;preset1&#8243; box_shadow_blur=&#8221;56px&#8221; box_shadow_spread=&#8221;12&#8243;]&nbsp;<br \/>\n[\/et_pb_image][\/et_pb_column][et_pb_column type=&#8221;1_2&#8243; _builder_version=&#8221;3.25&#8243; custom_padding=&#8221;100px|||&#8221; custom_padding__hover=&#8221;|||&#8221;][et_pb_image src=&#8221;http:\/\/victor-rodrigo.com\/vrodrigo\/wp-content\/uploads\/2018\/09\/Foto-4.png&#8221; align_tablet=&#8221;center&#8221; align_phone=&#8221;&#8221; align_last_edited=&#8221;on|desktop&#8221; _builder_version=&#8221;3.23&#8243; custom_margin=&#8221;100px||-50px|&#8221; custom_padding=&#8221;|||&#8221; border_width_all=&#8221;15px&#8221; border_color_all=&#8221;rgba(255,255,255,0)&#8221; box_shadow_style=&#8221;preset1&#8243; box_shadow_blur=&#8221;56px&#8221; box_shadow_spread=&#8221;12px&#8221;]&nbsp;<br \/>\n[\/et_pb_image][\/et_pb_column][\/et_pb_row][\/et_pb_section]<\/p>\n","protected":false},"excerpt":{"rendered":"<p>La classe de dansa jazz de V\u00edctor Josep Rodrigo\u00a0es basa en exercicis on s&#8217;uneixen t\u00e8cnica i ritme. L&#8217;anatomia adquireix una import\u00e0ncia que es va desenvolupant al llarg de la primera part de la classe. Durant la sessi\u00f3, s&#8217;informa dels diferents estils de dansa jazz (Dunham, Ailey, Mattox, Fosse, Simonson,&#8230;). Els exercicis estan coreografiats i adaptats [&hellip;]<\/p>\n","protected":false},"author":2,"featured_media":0,"parent":0,"menu_order":0,"comment_status":"closed","ping_status":"closed","template":"","meta":{"_et_pb_use_builder":"on","_et_pb_old_content":"","_et_gb_content_width":"","footnotes":""},"class_list":["post-2522","page","type-page","status-publish","hentry"],"_links":{"self":[{"href":"http:\/\/victor-rodrigo.com\/vrodrigo\/wp-json\/wp\/v2\/pages\/2522","targetHints":{"allow":["GET"]}}],"collection":[{"href":"http:\/\/victor-rodrigo.com\/vrodrigo\/wp-json\/wp\/v2\/pages"}],"about":[{"href":"http:\/\/victor-rodrigo.com\/vrodrigo\/wp-json\/wp\/v2\/types\/page"}],"author":[{"embeddable":true,"href":"http:\/\/victor-rodrigo.com\/vrodrigo\/wp-json\/wp\/v2\/users\/2"}],"replies":[{"embeddable":true,"href":"http:\/\/victor-rodrigo.com\/vrodrigo\/wp-json\/wp\/v2\/comments?post=2522"}],"version-history":[{"count":9,"href":"http:\/\/victor-rodrigo.com\/vrodrigo\/wp-json\/wp\/v2\/pages\/2522\/revisions"}],"predecessor-version":[{"id":4089,"href":"http:\/\/victor-rodrigo.com\/vrodrigo\/wp-json\/wp\/v2\/pages\/2522\/revisions\/4089"}],"wp:attachment":[{"href":"http:\/\/victor-rodrigo.com\/vrodrigo\/wp-json\/wp\/v2\/media?parent=2522"}],"curies":[{"name":"wp","href":"https:\/\/api.w.org\/{rel}","templated":true}]}}