{"id":2695,"date":"2021-01-19T12:10:04","date_gmt":"2021-01-19T12:10:04","guid":{"rendered":"http:\/\/victor-rodrigo.com\/vrodrigo\/?page_id=2695"},"modified":"2023-02-11T07:43:06","modified_gmt":"2023-02-11T07:43:06","slug":"talleres-y-formacion-2","status":"publish","type":"page","link":"http:\/\/victor-rodrigo.com\/vrodrigo\/talleres-y-formacion-2\/","title":{"rendered":"Talleres y formaci\u00f3n"},"content":{"rendered":"<p>[et_pb_section fb_built=&#8221;1&#8243; _builder_version=&#8221;4.5.6&#8243; background_color=&#8221;#353831&#8243; background_image=&#8221;http:\/\/victor-rodrigo.com\/vrodrigo\/wp-content\/uploads\/2021\/01\/Pattern2-02-02.png&#8221; border_color_bottom=&#8221;#63cfdb&#8221; da_is_popup=&#8221;off&#8221; da_exit_intent=&#8221;off&#8221; da_has_close=&#8221;on&#8221; da_alt_close=&#8221;off&#8221; da_dark_close=&#8221;off&#8221; da_not_modal=&#8221;on&#8221; da_is_singular=&#8221;off&#8221; da_with_loader=&#8221;off&#8221; da_has_shadow=&#8221;on&#8221; da_disable_devices=&#8221;off|off|off&#8221;][et_pb_row column_structure=&#8221;1_3,2_3&#8243; _builder_version=&#8221;4.5.6&#8243; custom_margin=&#8221;||50px|&#8221; custom_margin_tablet=&#8221;&#8221; custom_margin_phone=&#8221;4vh||||false|false&#8221; custom_margin_last_edited=&#8221;on|phone&#8221;][et_pb_column type=&#8221;1_3&#8243; _builder_version=&#8221;3.25&#8243; custom_padding=&#8221;|||&#8221; custom_padding__hover=&#8221;|||&#8221;][\/et_pb_column][et_pb_column type=&#8221;2_3&#8243; _builder_version=&#8221;3.25&#8243; custom_padding=&#8221;|||&#8221; custom_padding__hover=&#8221;|||&#8221;][et_pb_text _builder_version=&#8221;4.5.6&#8243; text_font=&#8221;Actor||||||||&#8221; text_text_color=&#8221;#ffffff&#8221; text_font_size=&#8221;16px&#8221; header_3_font=&#8221;Reem Kufi||||||||&#8221; header_3_text_color=&#8221;#ffffff&#8221;]<\/p>\n<p>La clase de danza jazz de <strong>Victor Josep Rodrigo<\/strong> se basa en ejercicios donde se a\u00fana t\u00e9cnica y ritmo. La anatom\u00eda adquiere una importancia que se va desarrollando a lo largo de la primera parte de la clase. A lo largo de la sesi\u00f3n se informa de los diferentes estilos de danza jazz (Dunham, Ailey, Mattox, Fosse, Simonson,&#8230;).<\/p>\n<p>Los ejercicios estan coreografiados y adaptados a la m\u00fasica para poder sentir el trabajo t\u00e9cnico sin olvidar la parte art\u00edstica, trabajando estilos y r\u00edtmos jazz\u00edsticos (blues, soul, jazz rock, acid jazz, bossa nova, mambo,&#8230;).<\/p>\n<p>Tambi\u00e9n hay un trabajo de conocimiento de la nomenclatura de diferentes pasos de danza jazz que nos llevan a la parte final de la coreografia.<\/p>\n<p>[\/et_pb_text][\/et_pb_column][\/et_pb_row][\/et_pb_section][et_pb_section fb_built=&#8221;1&#8243; _builder_version=&#8221;4.5.6&#8243; background_color=&#8221;#353831&#8243; background_image=&#8221;http:\/\/victor-rodrigo.com\/vrodrigo\/wp-content\/uploads\/2021\/01\/Pattern2-02-02.png&#8221; custom_margin_tablet=&#8221;&#8221; custom_margin_phone=&#8221;-18vh||||false|false&#8221; custom_margin_last_edited=&#8221;on|phone&#8221; border_width_bottom=&#8221;2px&#8221; border_color_bottom=&#8221;#63cfdb&#8221; da_is_popup=&#8221;off&#8221; da_exit_intent=&#8221;off&#8221; da_has_close=&#8221;on&#8221; da_alt_close=&#8221;off&#8221; da_dark_close=&#8221;off&#8221; da_not_modal=&#8221;on&#8221; da_is_singular=&#8221;off&#8221; da_with_loader=&#8221;off&#8221; da_has_shadow=&#8221;on&#8221; da_disable_devices=&#8221;off|off|off&#8221;][et_pb_row _builder_version=&#8221;4.5.6&#8243; max_width=&#8221;950px&#8221; module_alignment=&#8221;left&#8221; custom_margin=&#8221;||60px|&#8221; custom_margin_tablet=&#8221;|-30px|60px|&#8221; custom_margin_phone=&#8221;&#8221; custom_margin_last_edited=&#8221;on|phone&#8221; custom_padding=&#8221;0px||0px|&#8221; border_color_top=&#8221;#666666&#8243; border_style_top=&#8221;double&#8221; border_color_right=&#8221;#666666&#8243; border_style_right=&#8221;double&#8221; border_color_bottom=&#8221;#666666&#8243; border_style_bottom=&#8221;double&#8221; border_color_left=&#8221;#666666&#8243; border_style_left=&#8221;double&#8221; use_custom_width=&#8221;on&#8221; custom_width_px=&#8221;950px&#8221;][et_pb_column type=&#8221;4_4&#8243; _builder_version=&#8221;4.5.6&#8243; background_enable_image=&#8221;off&#8221; background_size=&#8221;initial&#8221; custom_padding=&#8221;|||&#8221; custom_padding__hover=&#8221;|||&#8221;][et_pb_text _builder_version=&#8221;4.5.6&#8243; header_font=&#8221;||||||||&#8221; header_text_color=&#8221;#ffffff&#8221; header_2_font=&#8221;Reem Kufi||||||||&#8221; header_2_text_align=&#8221;right&#8221; header_2_text_color=&#8221;#ffffff&#8221; header_2_font_size=&#8221;50px&#8221; header_3_font=&#8221;Reem Kufi||||||||&#8221; header_3_text_align=&#8221;right&#8221; header_3_text_color=&#8221;#ffffff&#8221; background_color=&#8221;#f17f29&#8243; custom_margin=&#8221;||||false|false&#8221; custom_margin_tablet=&#8221;|||30%&#8221; custom_margin_phone=&#8221;|-25%||&#8221; custom_margin_last_edited=&#8221;on|phone&#8221; custom_padding=&#8221;30px|5%|30px|5%|false|false&#8221; mix_blend_mode=&#8221;multiply&#8221; header_2_font_size_tablet=&#8221;35px&#8221; header_2_font_size_phone=&#8221;30px&#8221; header_2_font_size_last_edited=&#8221;on|phone&#8221; header_3_font_size_tablet=&#8221;18px&#8221; header_3_font_size_phone=&#8221;16px&#8221; header_3_font_size_last_edited=&#8221;on|phone&#8221;]<\/p>\n<h2>TALLER ESPEC\u00cdFICO DE<\/h2>\n<h2>DANZA JAZZ<\/h2>\n<h3>este proyecto nace con la voluntad de dar a conocer<\/h3>\n<h3>diferentes estilos y t\u00e9cnicas de la danza jazz<\/h3>\n<p>[\/et_pb_text][et_pb_divider color=&#8221;#f17f29&#8243; divider_style=&#8221;dashed&#8221; _builder_version=&#8221;4.5.6&#8243; _module_preset=&#8221;default&#8221; custom_margin=&#8221;-1vh||||false|false&#8221;][\/et_pb_divider][\/et_pb_column][\/et_pb_row][et_pb_row column_structure=&#8221;2_5,3_5&#8243; _builder_version=&#8221;3.25&#8243; custom_margin=&#8221;||50px|&#8221;][et_pb_column type=&#8221;2_5&#8243; _builder_version=&#8221;3.25&#8243; custom_padding=&#8221;|||&#8221; custom_padding__hover=&#8221;|||&#8221;][et_pb_image src=&#8221;http:\/\/victor-rodrigo.com\/vrodrigo\/wp-content\/uploads\/2018\/09\/Foto-1.png&#8221; align_tablet=&#8221;center&#8221; align_phone=&#8221;&#8221; align_last_edited=&#8221;on|desktop&#8221; _builder_version=&#8221;3.23&#8243; border_width_all=&#8221;15px&#8221; border_color_all=&#8221;rgba(0,0,0,0)&#8221; box_shadow_style=&#8221;preset1&#8243; box_shadow_blur=&#8221;56px&#8221; box_shadow_spread=&#8221;12px&#8221;]&nbsp;<br \/>\n[\/et_pb_image][\/et_pb_column][et_pb_column type=&#8221;3_5&#8243; _builder_version=&#8221;3.25&#8243; custom_padding=&#8221;|||&#8221; custom_padding__hover=&#8221;|||&#8221;][et_pb_text _builder_version=&#8221;4.5.6&#8243; header_3_font=&#8221;Reem Kufi||||||||&#8221; header_3_text_color=&#8221;#ffffff&#8221;]<\/p>\n<h3>OBJETIVOS:<\/h3>\n<p>[\/et_pb_text][et_pb_blurb use_icon=&#8221;on&#8221; font_icon=&#8221;%%45%%&#8221; icon_placement=&#8221;left&#8221; _builder_version=&#8221;4.5.6&#8243; _module_preset=&#8221;default&#8221; body_font=&#8221;Reem Kufi||||||||&#8221; body_text_color=&#8221;#ffffff&#8221; body_font_size=&#8221;21px&#8221;]<\/p>\n<p>Adquirir conocimientos de la danza jazz y de su\u00a0<span style=\"color: #f96900;\">uni\u00f3n con el ritmo y la m\u00fasica jazz<\/span><\/p>\n<p>[\/et_pb_blurb][et_pb_blurb use_icon=&#8221;on&#8221; font_icon=&#8221;%%45%%&#8221; icon_placement=&#8221;left&#8221; _builder_version=&#8221;4.5.6&#8243; _module_preset=&#8221;default&#8221; body_font=&#8221;Reem Kufi||||||||&#8221; body_text_color=&#8221;#ffffff&#8221; body_font_size=&#8221;21px&#8221;]Conocer la <span style=\"color: #f96900;\">trayectoria y la historia de los diferentes estilos de la danza jazz<\/span> (durante el taller doy informaci\u00f3n sobre los creadores de las diferentes t\u00e9cnicas: <span style=\"color: #f96900;\">DUNHAM, COLE, AILEY, MATTOX, FOSSE,&#8230;)<\/span>[\/et_pb_blurb][et_pb_blurb use_icon=&#8221;on&#8221; font_icon=&#8221;%%45%%&#8221; icon_placement=&#8221;left&#8221; _builder_version=&#8221;4.5.6&#8243; _module_preset=&#8221;default&#8221; body_font=&#8221;Reem Kufi||||||||&#8221; body_text_color=&#8221;#ffffff&#8221; body_font_size=&#8221;21px&#8221;]<\/p>\n<p>Adquirir la\u00a0<span style=\"color: #f96900;\">conciencia del trabajo anat\u00f3mico<\/span>\u00a0para la correcta pr\u00e1ctica de la danza jazz\u00a0<\/p>\n<p>[\/et_pb_blurb][et_pb_blurb use_icon=&#8221;on&#8221; font_icon=&#8221;%%45%%&#8221; icon_placement=&#8221;left&#8221; _builder_version=&#8221;4.5.6&#8243; _module_preset=&#8221;default&#8221; body_font=&#8221;Reem Kufi||||||||&#8221; body_text_color=&#8221;#ffffff&#8221; body_font_size=&#8221;21px&#8221;]<\/p>\n<p>Conocer la <span style=\"color: #f96900;\">cualidad del movimiento<\/span>\u00a0dependiendo del estilo que se trabaje\u00a0<\/p>\n<p>[\/et_pb_blurb][et_pb_blurb use_icon=&#8221;on&#8221; font_icon=&#8221;%%45%%&#8221; icon_placement=&#8221;left&#8221; _builder_version=&#8221;4.5.6&#8243; _module_preset=&#8221;default&#8221; body_font=&#8221;Reem Kufi||||||||&#8221; body_text_color=&#8221;#ffffff&#8221; body_font_size=&#8221;21px&#8221;]<\/p>\n<p>Ser capaz de\u00a0<span style=\"color: #f96900;\">razonar y crear improvisaciones<\/span>\u00a0del movimiento en relaci\u00f3n con la m\u00fasica y\/o el ritmo de jazz<\/p>\n<p>[\/et_pb_blurb][et_pb_blurb use_icon=&#8221;on&#8221; font_icon=&#8221;%%45%%&#8221; icon_placement=&#8221;left&#8221; _builder_version=&#8221;4.5.6&#8243; _module_preset=&#8221;default&#8221; body_font=&#8221;Reem Kufi||||||||&#8221; body_text_color=&#8221;#ffffff&#8221; body_font_size=&#8221;21px&#8221;]<\/p>\n<p><span style=\"color: #f96900;\">Conocer e identificar<\/span>\u00a0los diferentes estilos de danza y m\u00fasica jazz as\u00ed como su evoluci\u00f3n hist\u00f3rica<\/p>\n<p>[\/et_pb_blurb][\/et_pb_column][\/et_pb_row][\/et_pb_section][et_pb_section fb_built=&#8221;1&#8243; _builder_version=&#8221;4.5.6&#8243; background_color=&#8221;#353831&#8243; background_image=&#8221;http:\/\/victor-rodrigo.com\/vrodrigo\/wp-content\/uploads\/2021\/01\/Pattern2-02-02.png&#8221; border_width_bottom=&#8221;3px&#8221; border_color_bottom=&#8221;#63cfdb&#8221; da_is_popup=&#8221;off&#8221; da_exit_intent=&#8221;off&#8221; da_has_close=&#8221;on&#8221; da_alt_close=&#8221;off&#8221; da_dark_close=&#8221;off&#8221; da_not_modal=&#8221;on&#8221; da_is_singular=&#8221;off&#8221; da_with_loader=&#8221;off&#8221; da_has_shadow=&#8221;on&#8221; da_disable_devices=&#8221;off|off|off&#8221;][et_pb_row _builder_version=&#8221;4.5.6&#8243; max_width=&#8221;950px&#8221; module_alignment=&#8221;right&#8221; custom_margin=&#8221;||60px|&#8221; custom_padding=&#8221;0px||0px|&#8221; border_color_top=&#8221;#666666&#8243; border_style_top=&#8221;double&#8221; border_color_right=&#8221;#666666&#8243; border_style_right=&#8221;double&#8221; border_color_bottom=&#8221;#666666&#8243; border_style_bottom=&#8221;double&#8221; border_color_left=&#8221;#666666&#8243; border_style_left=&#8221;double&#8221; use_custom_width=&#8221;on&#8221; custom_width_px=&#8221;950px&#8221;][et_pb_column type=&#8221;4_4&#8243; _builder_version=&#8221;4.5.6&#8243; background_enable_image=&#8221;off&#8221; background_size=&#8221;initial&#8221; background_repeat=&#8221;repeat&#8221; custom_padding=&#8221;|||&#8221; custom_padding__hover=&#8221;|||&#8221;][et_pb_text _builder_version=&#8221;4.5.6&#8243; header_2_font=&#8221;Reem Kufi||||||||&#8221; header_2_text_align=&#8221;right&#8221; header_2_text_color=&#8221;#ffffff&#8221; header_2_font_size=&#8221;50px&#8221; header_3_text_align=&#8221;center&#8221; header_3_text_color=&#8221;#ff894f&#8221; background_color=&#8221;#f17f29&#8243; custom_margin=&#8221;||||false|false&#8221; custom_margin_tablet=&#8221;|||-75%&#8221; custom_margin_phone=&#8221;|||0%|false|false&#8221; custom_margin_last_edited=&#8221;on|desktop&#8221; custom_padding=&#8221;30px|5%|30px|5%|false|false&#8221; mix_blend_mode=&#8221;multiply&#8221; header_2_font_size_tablet=&#8221;26px&#8221; header_2_font_size_phone=&#8221;30px&#8221; header_2_font_size_last_edited=&#8221;on|tablet&#8221;]<\/p>\n<h2>FORMACI\u00d3N Y RECICLAJE DE MAESTROS Y BAILARINES DE<\/h2>\n<h2>DANZA JAZZ<\/h2>\n<h3><\/h3>\n<p>[\/et_pb_text][et_pb_divider color=&#8221;#f17f29&#8243; divider_style=&#8221;dashed&#8221; _builder_version=&#8221;4.5.6&#8243; _module_preset=&#8221;default&#8221; custom_margin=&#8221;-1vh||||false|false&#8221;][\/et_pb_divider][\/et_pb_column][\/et_pb_row][et_pb_row column_structure=&#8221;3_5,2_5&#8243; _builder_version=&#8221;3.25&#8243; custom_margin=&#8221;||50px|&#8221;][et_pb_column type=&#8221;3_5&#8243; _builder_version=&#8221;3.25&#8243; custom_padding=&#8221;|||&#8221; custom_padding__hover=&#8221;|||&#8221;][et_pb_text _builder_version=&#8221;4.5.6&#8243; header_3_font=&#8221;Reem Kufi||||||||&#8221; header_3_text_color=&#8221;#ffffff&#8221;]<\/p>\n<h3>OBJETIVOS:<\/h3>\n<p>[\/et_pb_text][et_pb_blurb use_icon=&#8221;on&#8221; font_icon=&#8221;%%45%%&#8221; icon_placement=&#8221;left&#8221; _builder_version=&#8221;4.5.6&#8243; _module_preset=&#8221;default&#8221; body_font=&#8221;Reem Kufi||||||||&#8221; body_text_color=&#8221;#ffffff&#8221; body_font_size=&#8221;21px&#8221;]<\/p>\n<p>Utilizar las\u00a0<span style=\"color: #f96900;\">diferentes t\u00e9cnicas en danza jazz<\/span>\u00a0con la finalidad de que el maestro pueda acceder a nivel anat\u00f3mico, t\u00e9cnico y estilo para crear una clase de danza jazz<\/p>\n<p>[\/et_pb_blurb][et_pb_blurb use_icon=&#8221;on&#8221; font_icon=&#8221;%%45%%&#8221; icon_placement=&#8221;left&#8221; _builder_version=&#8221;4.5.6&#8243; _module_preset=&#8221;default&#8221; body_font=&#8221;Reem Kufi||||||||&#8221; body_text_color=&#8221;#ffffff&#8221; body_font_size=&#8221;21px&#8221;]<\/p>\n<p>El contenido de la clase ser\u00e1 pr\u00e1ctico y siempre se va a establecer como prioridad la\u00a0<span style=\"color: #f96900;\">asimilaci\u00f3n de los ejercicios con el ritmo y la m\u00fasica<\/span>\u00a0para poder facilitar al alumno-a\/bailar\u00edn-a, un lenguaje corporal que una t\u00e9cnica y estilo<\/p>\n<p>[\/et_pb_blurb][et_pb_blurb use_icon=&#8221;on&#8221; font_icon=&#8221;%%45%%&#8221; icon_placement=&#8221;left&#8221; _builder_version=&#8221;4.5.6&#8243; _module_preset=&#8221;default&#8221; body_font=&#8221;Reem Kufi||||||||&#8221; body_text_color=&#8221;#ffffff&#8221; body_font_size=&#8221;21px&#8221;]<\/p>\n<p>Se trabajan estilos como el\u00a0<span style=\"color: #f96900;\">blues, jazz rock, espirituales, musical,&#8230;<\/span>\u00a0<\/p>\n<p>[\/et_pb_blurb][et_pb_text _builder_version=&#8221;4.5.6&#8243; header_4_font=&#8221;Reem Kufi||||||||&#8221; header_4_text_color=&#8221;#ffffff&#8221; hover_enabled=&#8221;0&#8243;]<\/p>\n<h4>Contenido pr\u00e1ctico y te\u00f3rico:<\/h4>\n<p>[\/et_pb_text][et_pb_blurb use_icon=&#8221;on&#8221; font_icon=&#8221;%%45%%&#8221; icon_placement=&#8221;left&#8221; _builder_version=&#8221;4.5.6&#8243; _module_preset=&#8221;default&#8221; body_font=&#8221;Reem Kufi||||||||&#8221; body_text_color=&#8221;#ffffff&#8221; body_font_size=&#8221;21px&#8221;]Se aprender\u00e1 el trabajo previo de\u00a0<span style=\"color: #f96900;\">ordenar una clase<\/span>\u00a0i saber\u00a0<span style=\"color: #f96900;\">a qui\u00e9n va dirigida<\/span>[\/et_pb_blurb][et_pb_blurb use_icon=&#8221;on&#8221; font_icon=&#8221;%%45%%&#8221; icon_placement=&#8221;left&#8221; _builder_version=&#8221;4.5.6&#8243; _module_preset=&#8221;default&#8221; body_font=&#8221;Reem Kufi||||||||&#8221; body_text_color=&#8221;#ffffff&#8221; body_font_size=&#8221;21px&#8221;]<\/p>\n<p>Daremos una \u00a0<span style=\"color: #f96900;\">programaci\u00f3n de los diferentes niveles<\/span>\u00a0i trabajaremos la utilizaci\u00f3n de los estilos que m\u00e1s convengan al alumno-a\/bailar\u00edn-a (coordinaci\u00f3n Mattox, elasticidad Simonson, ritmo Dunham,&#8230;)<\/p>\n<p>[\/et_pb_blurb][et_pb_blurb use_icon=&#8221;on&#8221; font_icon=&#8221;%%45%%&#8221; icon_placement=&#8221;left&#8221; _builder_version=&#8221;4.5.6&#8243; _module_preset=&#8221;default&#8221; body_font=&#8221;Reem Kufi||||||||&#8221; body_text_color=&#8221;#ffffff&#8221; body_font_size=&#8221;21px&#8221;]<\/p>\n<p>La clase de 2h se repartir\u00e1 en \u00a0<span style=\"color: #f96900;\">1:30h de clase pr\u00e1ctica y 30 min de teoria<\/span>\u00a0i preguntas<\/p>\n<p>[\/et_pb_blurb][\/et_pb_column][et_pb_column type=&#8221;2_5&#8243; _builder_version=&#8221;3.25&#8243; custom_padding=&#8221;|||&#8221; custom_padding__hover=&#8221;|||&#8221;][et_pb_image src=&#8221;http:\/\/victor-rodrigo.com\/vrodrigo\/wp-content\/uploads\/2018\/09\/Foto-2-1.png&#8221; align_tablet=&#8221;center&#8221; align_phone=&#8221;&#8221; align_last_edited=&#8221;on|desktop&#8221; _builder_version=&#8221;3.23&#8243; custom_margin=&#8221;50px|||&#8221; border_width_all=&#8221;15px&#8221; border_color_all=&#8221;rgba(0,0,0,0)&#8221; box_shadow_style=&#8221;preset1&#8243; box_shadow_blur=&#8221;56px&#8221; box_shadow_spread=&#8221;12px&#8221;]&nbsp;<br \/>\n[\/et_pb_image][\/et_pb_column][\/et_pb_row][\/et_pb_section][et_pb_section fb_built=&#8221;1&#8243; _builder_version=&#8221;4.5.6&#8243; background_color=&#8221;#353831&#8243; background_image=&#8221;http:\/\/victor-rodrigo.com\/vrodrigo\/wp-content\/uploads\/2021\/01\/Pattern2-02-02.png&#8221; border_width_bottom=&#8221;3px&#8221; border_color_bottom=&#8221;#63cfdb&#8221; da_is_popup=&#8221;off&#8221; da_exit_intent=&#8221;off&#8221; da_has_close=&#8221;on&#8221; da_alt_close=&#8221;off&#8221; da_dark_close=&#8221;off&#8221; da_not_modal=&#8221;on&#8221; da_is_singular=&#8221;off&#8221; da_with_loader=&#8221;off&#8221; da_has_shadow=&#8221;on&#8221; da_disable_devices=&#8221;off|off|off&#8221;][et_pb_row _builder_version=&#8221;4.5.6&#8243; max_width=&#8221;950px&#8221; module_alignment=&#8221;left&#8221; custom_margin=&#8221;||||false|false&#8221; custom_padding=&#8221;0px||0px|&#8221; border_color_top=&#8221;#666666&#8243; border_style_top=&#8221;double&#8221; border_color_right=&#8221;#666666&#8243; border_style_right=&#8221;double&#8221; border_color_bottom=&#8221;#666666&#8243; border_style_bottom=&#8221;double&#8221; border_color_left=&#8221;#666666&#8243; border_style_left=&#8221;double&#8221; use_custom_width=&#8221;on&#8221; custom_width_px=&#8221;950px&#8221;][et_pb_column type=&#8221;4_4&#8243; _builder_version=&#8221;4.5.6&#8243; background_enable_image=&#8221;off&#8221; background_size=&#8221;initial&#8221; background_repeat=&#8221;repeat&#8221; custom_padding=&#8221;|||&#8221; custom_padding__hover=&#8221;|||&#8221;][et_pb_text _builder_version=&#8221;4.5.6&#8243; header_font=&#8221;||||||||&#8221; header_2_font=&#8221;Reem Kufi||||||||&#8221; header_2_text_align=&#8221;left&#8221; header_2_text_color=&#8221;#ffffff&#8221; header_2_font_size=&#8221;50px&#8221; header_3_font=&#8221;Reem Kufi||||||||&#8221; header_3_text_align=&#8221;left&#8221; header_3_text_color=&#8221;#ffffff&#8221; background_color=&#8221;#f17f29&#8243; custom_margin=&#8221;||||false|false&#8221; custom_margin_tablet=&#8221;|||21%&#8221; custom_margin_phone=&#8221;|-27%||35%&#8221; custom_margin_last_edited=&#8221;on|phone&#8221; custom_padding=&#8221;30px|5%|30px|5%|false|false&#8221; mix_blend_mode=&#8221;multiply&#8221; header_2_font_size_tablet=&#8221;35px&#8221; header_2_font_size_phone=&#8221;30px&#8221; header_2_font_size_last_edited=&#8221;on|phone&#8221; header_3_font_size_tablet=&#8221;18px&#8221; header_3_font_size_phone=&#8221;&#8221; header_3_font_size_last_edited=&#8221;on|phone&#8221;]<\/p>\n<h2>APRENDIZAJE PARA TODOS LOS PROFESORES<\/h2>\n<h2>DE DANZA JAZZ<\/h2>\n<h3>seg\u00fan el nivel del curso\u00a0<\/h3>\n<p>[\/et_pb_text][et_pb_divider color=&#8221;#f17f29&#8243; divider_style=&#8221;dashed&#8221; _builder_version=&#8221;4.5.6&#8243; _module_preset=&#8221;default&#8221; custom_margin=&#8221;-1vh||||false|false&#8221;][\/et_pb_divider][\/et_pb_column][\/et_pb_row][et_pb_row _builder_version=&#8221;3.25&#8243;][et_pb_column type=&#8221;4_4&#8243; _builder_version=&#8221;3.25&#8243; custom_padding=&#8221;|||&#8221; custom_padding__hover=&#8221;|||&#8221;][et_pb_text _builder_version=&#8221;4.5.6&#8243; header_3_font=&#8221;Reem Kufi||||||||&#8221; header_3_text_color=&#8221;#ffffff&#8221;]<\/p>\n<h3>OBJETIVOS:<\/h3>\n<p>[\/et_pb_text][\/et_pb_column][\/et_pb_row][et_pb_row column_structure=&#8221;1_2,1_2&#8243; _builder_version=&#8221;3.25&#8243; custom_margin=&#8221;||50px|&#8221;][et_pb_column type=&#8221;1_2&#8243; _builder_version=&#8221;3.25&#8243; custom_padding=&#8221;|||&#8221; custom_padding__hover=&#8221;|||&#8221;][et_pb_blurb use_icon=&#8221;on&#8221; font_icon=&#8221;%%45%%&#8221; icon_placement=&#8221;left&#8221; _builder_version=&#8221;4.5.6&#8243; _module_preset=&#8221;default&#8221; body_font=&#8221;Reem Kufi||||||||&#8221; body_text_color=&#8221;#ffffff&#8221; body_font_size=&#8221;21px&#8221;]<\/p>\n<p>Conocimiento de la <span style=\"color: #f96900;\">nomenclatura y la t\u00e9cnica<\/span>\u00a0de cada curso<\/p>\n<p>[\/et_pb_blurb][et_pb_blurb use_icon=&#8221;on&#8221; font_icon=&#8221;%%45%%&#8221; icon_placement=&#8221;left&#8221; _builder_version=&#8221;4.5.6&#8243; _module_preset=&#8221;default&#8221; body_font=&#8221;Reem Kufi||||||||&#8221; body_text_color=&#8221;#ffffff&#8221; body_font_size=&#8221;21px&#8221;]<\/p>\n<p><span style=\"color: #f96900;\">Col\u00b7locaci\u00f3n<\/span>\u00a0del cuerpo en el espacio<\/p>\n<p>[\/et_pb_blurb][et_pb_blurb use_icon=&#8221;on&#8221; font_icon=&#8221;%%45%%&#8221; icon_placement=&#8221;left&#8221; _builder_version=&#8221;4.5.6&#8243; _module_preset=&#8221;default&#8221; body_font=&#8221;Reem Kufi||||||||&#8221; body_text_color=&#8221;#ffffff&#8221; body_font_size=&#8221;21px&#8221;]<\/p>\n<p>Sentido del\u00a0<span style=\"color: #f96900;\">equilibrio<\/span>\u00a0(col\u00b7locaci\u00f3n del pie y la utilizaci\u00f3n del foco)<\/p>\n<p>[\/et_pb_blurb][et_pb_blurb use_icon=&#8221;on&#8221; font_icon=&#8221;%%45%%&#8221; icon_placement=&#8221;left&#8221; _builder_version=&#8221;4.5.6&#8243; _module_preset=&#8221;default&#8221; body_font=&#8221;Reem Kufi||||||||&#8221; body_text_color=&#8221;#ffffff&#8221; body_font_size=&#8221;21px&#8221;]<\/p>\n<p>Desarrollo de la\u00a0<span style=\"color: #f96900;\">coordinaci\u00f3n<\/span>\u00a0del troso y las extremidades<\/p>\n<p>[\/et_pb_blurb][\/et_pb_column][et_pb_column type=&#8221;1_2&#8243; _builder_version=&#8221;3.25&#8243; custom_padding=&#8221;|||&#8221; custom_padding__hover=&#8221;|||&#8221;][et_pb_blurb use_icon=&#8221;on&#8221; font_icon=&#8221;%%45%%&#8221; icon_placement=&#8221;left&#8221; _builder_version=&#8221;4.5.6&#8243; _module_preset=&#8221;default&#8221; body_font=&#8221;Reem Kufi||||||||&#8221; body_text_color=&#8221;#ffffff&#8221; body_font_size=&#8221;21px&#8221;]<\/p>\n<p>Desarrollo de\u00a0<span style=\"color: #f96900;\">memoria<\/span>\u00a0auditiva i visual<\/p>\n<p>[\/et_pb_blurb][et_pb_blurb use_icon=&#8221;on&#8221; font_icon=&#8221;%%45%%&#8221; icon_placement=&#8221;left&#8221; _builder_version=&#8221;4.5.6&#8243; _module_preset=&#8221;default&#8221; body_font=&#8221;Reem Kufi||||||||&#8221; body_text_color=&#8221;#ffffff&#8221; body_font_size=&#8221;21px&#8221;]<\/p>\n<p>Control de\u00a0<span style=\"color: #f96900;\">energia y respiraci\u00f3n<\/span><\/p>\n<p>[\/et_pb_blurb][et_pb_blurb use_icon=&#8221;on&#8221; font_icon=&#8221;%%45%%&#8221; icon_placement=&#8221;left&#8221; _builder_version=&#8221;4.5.6&#8243; _module_preset=&#8221;default&#8221; body_font=&#8221;Reem Kufi||||||||&#8221; body_text_color=&#8221;#ffffff&#8221; body_font_size=&#8221;21px&#8221;]<\/p>\n<p><span style=\"color: #f96900;\">Tiempos musicales<\/span>\u00a0(compases, trabajos de tiempos y contratiempos,&#8230;)<\/p>\n<p>[\/et_pb_blurb][\/et_pb_column][\/et_pb_row][\/et_pb_section][et_pb_section fb_built=&#8221;1&#8243; _builder_version=&#8221;4.5.6&#8243; background_color=&#8221;#353831&#8243; background_image=&#8221;http:\/\/victor-rodrigo.com\/vrodrigo\/wp-content\/uploads\/2021\/01\/Pattern2-02-02.png&#8221; da_is_popup=&#8221;off&#8221; da_exit_intent=&#8221;off&#8221; da_has_close=&#8221;on&#8221; da_alt_close=&#8221;off&#8221; da_dark_close=&#8221;off&#8221; da_not_modal=&#8221;on&#8221; da_is_singular=&#8221;off&#8221; da_with_loader=&#8221;off&#8221; da_has_shadow=&#8221;on&#8221; da_disable_devices=&#8221;off|off|off&#8221;][et_pb_row _builder_version=&#8221;4.5.6&#8243; max_width=&#8221;950px&#8221; module_alignment=&#8221;right&#8221; custom_margin=&#8221;||60px|&#8221; custom_padding=&#8221;0px||0px|&#8221; border_color_top=&#8221;#666666&#8243; border_style_top=&#8221;double&#8221; border_color_right=&#8221;#666666&#8243; border_style_right=&#8221;double&#8221; border_color_bottom=&#8221;#666666&#8243; border_style_bottom=&#8221;double&#8221; border_color_left=&#8221;#666666&#8243; border_style_left=&#8221;double&#8221; use_custom_width=&#8221;on&#8221; custom_width_px=&#8221;950px&#8221;][et_pb_column type=&#8221;4_4&#8243; _builder_version=&#8221;4.5.6&#8243; background_enable_image=&#8221;off&#8221; background_size=&#8221;initial&#8221; background_repeat=&#8221;repeat&#8221; custom_padding=&#8221;|||&#8221; custom_padding__hover=&#8221;|||&#8221;][et_pb_text _builder_version=&#8221;4.5.6&#8243; header_2_font=&#8221;Reem Kufi||||||||&#8221; header_2_text_align=&#8221;left&#8221; header_2_text_color=&#8221;#ffffff&#8221; header_2_font_size=&#8221;50px&#8221; header_3_font=&#8221;Reem Kufi||||||||&#8221; header_3_text_align=&#8221;left&#8221; header_3_text_color=&#8221;#ffffff&#8221; background_color=&#8221;#f17f29&#8243; custom_margin=&#8221;||||false|false&#8221; custom_margin_tablet=&#8221;|||0px|false|false&#8221; custom_margin_phone=&#8221;|||0px|false|false&#8221; custom_margin_last_edited=&#8221;on|desktop&#8221; custom_padding=&#8221;30px|5%|30px|5%|false|false&#8221; mix_blend_mode=&#8221;multiply&#8221; header_2_font_size_tablet=&#8221;35px&#8221; header_2_font_size_phone=&#8221;30px&#8221; header_2_font_size_last_edited=&#8221;on|phone&#8221; header_3_font_size_tablet=&#8221;18px&#8221; header_3_font_size_phone=&#8221;16px&#8221; header_3_font_size_last_edited=&#8221;on|phone&#8221;]<\/p>\n<h2>CONSTRUCCI\u00d3N DE UNA CLASE<\/h2>\n<h2>DE DANZA JAZZ<\/h2>\n<h3>el programa de curso se dar\u00e1 en las sesiones pr\u00e1cticas\u00a0<\/h3>\n<p>[\/et_pb_text][et_pb_divider color=&#8221;#f17f29&#8243; divider_style=&#8221;dashed&#8221; _builder_version=&#8221;4.5.6&#8243; _module_preset=&#8221;default&#8221; custom_margin=&#8221;-1vh||||false|false&#8221;][\/et_pb_divider][\/et_pb_column][\/et_pb_row][et_pb_row _builder_version=&#8221;3.25&#8243; background_size=&#8221;initial&#8221; background_position=&#8221;top_left&#8221; background_repeat=&#8221;repeat&#8221;][et_pb_column type=&#8221;4_4&#8243; _builder_version=&#8221;3.25&#8243; custom_padding=&#8221;|||&#8221; custom_padding__hover=&#8221;|||&#8221;][et_pb_text _builder_version=&#8221;4.5.6&#8243; header_3_font=&#8221;Reem Kufi||||||||&#8221; header_3_text_color=&#8221;#ffffff&#8221;]<\/p>\n<h3>OBJETIVOS:<\/h3>\n<p>[\/et_pb_text][\/et_pb_column][\/et_pb_row][et_pb_row column_structure=&#8221;1_2,1_2&#8243; _builder_version=&#8221;3.25&#8243; custom_margin=&#8221;||50px|&#8221;][et_pb_column type=&#8221;1_2&#8243; _builder_version=&#8221;3.25&#8243; custom_padding=&#8221;|||&#8221; custom_padding__hover=&#8221;|||&#8221;][et_pb_blurb use_icon=&#8221;on&#8221; font_icon=&#8221;%%45%%&#8221; icon_placement=&#8221;left&#8221; _builder_version=&#8221;4.5.6&#8243; _module_preset=&#8221;default&#8221; body_font=&#8221;Reem Kufi||||||||&#8221; body_text_color=&#8221;#ffffff&#8221; body_font_size=&#8221;21px&#8221;]<\/p>\n<p>Calentamiento general<\/p>\n<p>[\/et_pb_blurb][et_pb_blurb use_icon=&#8221;on&#8221; font_icon=&#8221;%%45%%&#8221; icon_placement=&#8221;left&#8221; _builder_version=&#8221;4.5.6&#8243; _module_preset=&#8221;default&#8221; body_font=&#8221;Reem Kufi||||||||&#8221; body_text_color=&#8221;#ffffff&#8221; body_font_size=&#8221;21px&#8221;]<\/p>\n<p>Trabajo r\u00edtmico coreografiado<\/p>\n<p>[\/et_pb_blurb][et_pb_blurb use_icon=&#8221;on&#8221; font_icon=&#8221;%%45%%&#8221; icon_placement=&#8221;left&#8221; _builder_version=&#8221;4.5.6&#8243; _module_preset=&#8221;default&#8221; body_font=&#8221;Reem Kufi||||||||&#8221; body_text_color=&#8221;#ffffff&#8221; body_font_size=&#8221;21px&#8221;]<\/p>\n<p>Calentamiento de articulaciones y extremidades inferiores<\/p>\n<p>[\/et_pb_blurb][et_pb_blurb use_icon=&#8221;on&#8221; font_icon=&#8221;%%45%%&#8221; icon_placement=&#8221;left&#8221; _builder_version=&#8221;4.5.6&#8243; _module_preset=&#8221;default&#8221; body_font=&#8221;Reem Kufi||||||||&#8221; body_text_color=&#8221;#ffffff&#8221; body_font_size=&#8221;21px&#8221;]<\/p>\n<p>Barra<\/p>\n<p>[\/et_pb_blurb][\/et_pb_column][et_pb_column type=&#8221;1_2&#8243; _builder_version=&#8221;3.25&#8243; custom_padding=&#8221;|||&#8221; custom_padding__hover=&#8221;|||&#8221;][et_pb_blurb use_icon=&#8221;on&#8221; font_icon=&#8221;%%45%%&#8221; icon_placement=&#8221;left&#8221; _builder_version=&#8221;4.5.6&#8243; _module_preset=&#8221;default&#8221; body_font=&#8221;Reem Kufi||||||||&#8221; body_text_color=&#8221;#ffffff&#8221; body_font_size=&#8221;21px&#8221;]<\/p>\n<p>Trabajo de suelo<\/p>\n<p>[\/et_pb_blurb][et_pb_blurb use_icon=&#8221;on&#8221; font_icon=&#8221;%%45%%&#8221; icon_placement=&#8221;left&#8221; _builder_version=&#8221;4.5.6&#8243; _module_preset=&#8221;default&#8221; body_font=&#8221;Reem Kufi||||||||&#8221; body_text_color=&#8221;#ffffff&#8221; body_font_size=&#8221;21px&#8221;]<\/p>\n<p>Grandes estiramientos<\/p>\n<p>[\/et_pb_blurb][et_pb_blurb use_icon=&#8221;on&#8221; font_icon=&#8221;%%45%%&#8221; icon_placement=&#8221;left&#8221; _builder_version=&#8221;4.5.6&#8243; _module_preset=&#8221;default&#8221; body_font=&#8221;Reem Kufi||||||||&#8221; body_text_color=&#8221;#ffffff&#8221; body_font_size=&#8221;21px&#8221;]<\/p>\n<p>Trabajo de centro<\/p>\n<p>[\/et_pb_blurb][et_pb_blurb use_icon=&#8221;on&#8221; font_icon=&#8221;%%45%%&#8221; icon_placement=&#8221;left&#8221; _builder_version=&#8221;4.5.6&#8243; _module_preset=&#8221;default&#8221; body_font=&#8221;Reem Kufi||||||||&#8221; body_text_color=&#8221;#ffffff&#8221; body_font_size=&#8221;21px&#8221;]<\/p>\n<p><strong>Variaci\u00f3n:<\/strong> es muy importante la utilizaci\u00f3n de diferentes estilos de m\u00fasica jazz as\u00ed como explicar la historia de la danza y la m\u00fasica en las clases<\/p>\n<p>[\/et_pb_blurb][\/et_pb_column][\/et_pb_row][et_pb_row column_structure=&#8221;1_2,1_2&#8243; _builder_version=&#8221;4.5.6&#8243; use_background_color_gradient=&#8221;on&#8221; background_color_gradient_start=&#8221;rgba(249,105,0,0.84)&#8221; background_color_gradient_end=&#8221;rgba(255,255,255,0)&#8221; background_color_gradient_type=&#8221;radial&#8221; background_color_gradient_start_position=&#8221;50.8%&#8221; background_color_gradient_end_position=&#8221;50.8%&#8221; custom_margin=&#8221;|||&#8221; custom_padding=&#8221;58px||99px||false|false&#8221;][et_pb_column type=&#8221;1_2&#8243; _builder_version=&#8221;3.25&#8243; custom_padding=&#8221;|||&#8221; custom_padding__hover=&#8221;|||&#8221;][et_pb_image src=&#8221;http:\/\/victor-rodrigo.com\/vrodrigo\/wp-content\/uploads\/2018\/09\/Foto-3.png&#8221; align_tablet=&#8221;center&#8221; align_phone=&#8221;&#8221; align_last_edited=&#8221;on|desktop&#8221; _builder_version=&#8221;3.23&#8243; custom_margin=&#8221;0px||||false&#8221; custom_padding=&#8221;|||&#8221; border_width_all=&#8221;15px&#8221; border_color_all=&#8221;rgba(255,255,255,0)&#8221; box_shadow_style=&#8221;preset1&#8243; box_shadow_blur=&#8221;56px&#8221; box_shadow_spread=&#8221;12&#8243;]&nbsp;<br \/>\n[\/et_pb_image][\/et_pb_column][et_pb_column type=&#8221;1_2&#8243; _builder_version=&#8221;3.25&#8243; custom_padding=&#8221;100px|||&#8221; custom_padding__hover=&#8221;|||&#8221;][et_pb_image src=&#8221;http:\/\/victor-rodrigo.com\/vrodrigo\/wp-content\/uploads\/2018\/09\/Foto-4.png&#8221; align_tablet=&#8221;center&#8221; align_phone=&#8221;&#8221; align_last_edited=&#8221;on|desktop&#8221; _builder_version=&#8221;3.23&#8243; custom_margin=&#8221;100px||-50px|&#8221; custom_padding=&#8221;|||&#8221; border_width_all=&#8221;15px&#8221; border_color_all=&#8221;rgba(255,255,255,0)&#8221; box_shadow_style=&#8221;preset1&#8243; box_shadow_blur=&#8221;56px&#8221; box_shadow_spread=&#8221;12px&#8221;]&nbsp;<br \/>\n[\/et_pb_image][\/et_pb_column][\/et_pb_row][\/et_pb_section]<\/p>\n","protected":false},"excerpt":{"rendered":"<p>La clase de danza jazz de Victor Josep Rodrigo se basa en ejercicios donde se a\u00fana t\u00e9cnica y ritmo. La anatom\u00eda adquiere una importancia que se va desarrollando a lo largo de la primera parte de la clase. A lo largo de la sesi\u00f3n se informa de los diferentes estilos de danza jazz (Dunham, Ailey, [&hellip;]<\/p>\n","protected":false},"author":2,"featured_media":0,"parent":0,"menu_order":0,"comment_status":"closed","ping_status":"closed","template":"","meta":{"_et_pb_use_builder":"on","_et_pb_old_content":"","_et_gb_content_width":"","footnotes":""},"class_list":["post-2695","page","type-page","status-publish","hentry"],"_links":{"self":[{"href":"http:\/\/victor-rodrigo.com\/vrodrigo\/wp-json\/wp\/v2\/pages\/2695","targetHints":{"allow":["GET"]}}],"collection":[{"href":"http:\/\/victor-rodrigo.com\/vrodrigo\/wp-json\/wp\/v2\/pages"}],"about":[{"href":"http:\/\/victor-rodrigo.com\/vrodrigo\/wp-json\/wp\/v2\/types\/page"}],"author":[{"embeddable":true,"href":"http:\/\/victor-rodrigo.com\/vrodrigo\/wp-json\/wp\/v2\/users\/2"}],"replies":[{"embeddable":true,"href":"http:\/\/victor-rodrigo.com\/vrodrigo\/wp-json\/wp\/v2\/comments?post=2695"}],"version-history":[{"count":6,"href":"http:\/\/victor-rodrigo.com\/vrodrigo\/wp-json\/wp\/v2\/pages\/2695\/revisions"}],"predecessor-version":[{"id":4253,"href":"http:\/\/victor-rodrigo.com\/vrodrigo\/wp-json\/wp\/v2\/pages\/2695\/revisions\/4253"}],"wp:attachment":[{"href":"http:\/\/victor-rodrigo.com\/vrodrigo\/wp-json\/wp\/v2\/media?parent=2695"}],"curies":[{"name":"wp","href":"https:\/\/api.w.org\/{rel}","templated":true}]}}