{"id":1283,"date":"2018-03-17T16:36:33","date_gmt":"2018-03-17T16:36:33","guid":{"rendered":"http:\/\/victor-rodrigo.com\/vrodrigo\/?post_type=project&#038;p=1283"},"modified":"2025-01-17T14:53:45","modified_gmt":"2025-01-17T14:53:45","slug":"catala-vaig-ser-prosper-o-recordant-la-tempesta-cia-projecte-ingenu","status":"publish","type":"project","link":"http:\/\/victor-rodrigo.com\/vrodrigo\/project\/catala-vaig-ser-prosper-o-recordant-la-tempesta-cia-projecte-ingenu\/","title":{"rendered":"VAIG SER PR\u00d2SPER O RECORDANT LA TEMPESTA &#8211; CIA PROJECTE INGENU"},"content":{"rendered":"\n[et_pb_section fb_built=&#8221;1&#8243; admin_label=&#8221;section&#8221; _builder_version=&#8221;4.5.6&#8243; background_color=&#8221;rgba(0,0,0,0)&#8221; custom_padding=&#8221;50px|||&#8221; top_divider_color=&#8221;#ff935e&#8221; top_divider_height=&#8221;40px&#8221; da_disable_devices=&#8221;off|off|off&#8221; da_is_popup=&#8221;off&#8221; da_exit_intent=&#8221;off&#8221; da_has_close=&#8221;on&#8221; da_alt_close=&#8221;off&#8221; da_dark_close=&#8221;off&#8221; da_not_modal=&#8221;on&#8221; da_is_singular=&#8221;off&#8221; da_with_loader=&#8221;off&#8221; da_has_shadow=&#8221;on&#8221;][et_pb_row column_structure=&#8221;1_2,1_2&#8243; _builder_version=&#8221;3.25&#8243; background_size=&#8221;initial&#8221; background_position=&#8221;top_left&#8221; background_repeat=&#8221;repeat&#8221;][et_pb_column type=&#8221;1_2&#8243; _builder_version=&#8221;3.25&#8243; custom_padding=&#8221;|||&#8221; custom_padding__hover=&#8221;|||&#8221;][et_pb_gallery gallery_ids=&#8221;1728,1729,1730,1731,1732,1733,1734,1735,1736,1737,1738,1739,1740,1741,1742,1743,1744,1745,1746,1747&#8243; fullwidth=&#8221;on&#8221; _builder_version=&#8221;3.2.2&#8243; auto=&#8221;on&#8221; auto_speed=&#8221;3000&#8243; use_border_color=&#8221;off&#8221;]&nbsp;\r[\/et_pb_gallery][et_pb_video_slider show_image_overlay=&#8221;on&#8221; controls_color=&#8221;light&#8221; _builder_version=&#8221;3.16.1&#8243;][et_pb_video_slider_item admin_title=&#8221;VIDEO TV3&#8243; src=&#8221;http:\/\/victor-rodrigo.com\/vrodrigo\/wp-content\/uploads\/2018\/03\/TV3-Vaig-ser-pr\u00f2sper_REDUIT.mp4&#8243; src_webm=&#8221;http:\/\/victor-rodrigo.com\/vrodrigo\/wp-content\/uploads\/2018\/03\/TV3-Vaig-ser-pr\u00f2sper_REDUIT.webm&#8221; image_src=&#8221;http:\/\/victor-rodrigo.com\/vrodrigo\/wp-content\/uploads\/2018\/03\/Captura-de-pantalla-2018-03-17-a-les-17.48.24.png&#8221; _builder_version=&#8221;3.16.1&#8243; show_image_overlay=&#8221;on&#8221;][\/et_pb_video_slider_item][et_pb_video_slider_item admin_title=&#8221;VIDEO PROMO &#8221; src=&#8221;http:\/\/victor-rodrigo.com\/vrodrigo\/wp-content\/uploads\/2018\/03\/Vaig-ser-pr\u00f2sper_02.mp4&#8243; src_webm=&#8221;http:\/\/victor-rodrigo.com\/vrodrigo\/wp-content\/uploads\/2018\/03\/Vaig-ser-pr\u00f2sper_02.webm&#8221; image_src=&#8221;http:\/\/victor-rodrigo.com\/vrodrigo\/wp-content\/uploads\/2018\/03\/Captura-de-pantalla-2018-03-17-a-les-17.48.51.png&#8221; _builder_version=&#8221;3.16.1&#8243; show_image_overlay=&#8221;on&#8221;][\/et_pb_video_slider_item][et_pb_video_slider_item admin_title=&#8221;Vaig ser pr\u00f2sper&#8221; src=&#8221;http:\/\/victor-rodrigo.com\/videos\/VIDEO%20PROSPER_1.mp4&#8243; src_webm=&#8221;http:\/\/victor-rodrigo.com\/videos\/VIDEO%20PROSPER_1.webm&#8221; image_src=&#8221;http:\/\/victor-rodrigo.com\/vrodrigo\/wp-content\/uploads\/2018\/03\/Vaig-ser-pr\u00f2sper-06.jpg&#8221; _builder_version=&#8221;3.16.1&#8243; show_image_overlay=&#8221;on&#8221;][\/et_pb_video_slider_item][\/et_pb_video_slider][\/et_pb_column][et_pb_column type=&#8221;1_2&#8243; _builder_version=&#8221;3.25&#8243; custom_padding=&#8221;|||&#8221; custom_padding__hover=&#8221;|||&#8221;][et_pb_text _builder_version=&#8221;4.5.6&#8243; hover_enabled=&#8221;0&#8243;]<p style=\"text-align: justify;\"><strong>Una creaci\u00f3 original inspirada en \u201cLa Tempesta\u201d de William Shakespeare<\/strong><\/p>\n<p style=\"text-align: justify;\">Un home vell que en altres temps va ser pr\u00f2sper. Una casa que en una altra \u00e8poca va ser esplendorosa. Una filla. Runes de mem\u00f2ria a desenterrar. \u00bfVestigis d&#8217;un passat cert? \u00bfFabulacions per a evitar l&#8217;oblit?\u00a0<\/p>\n<p style=\"text-align: justify;\">L&#8217;\u00faltima gran obra de Shakespeare, La Tempesta, serveis com a punt de partida a Projecte Ingenu per una exploraci\u00f3 de la natura de la senectut humana. Despr\u00e9s de Hamlet i Romeu i Julieta, la companyia tanca una trilogia shakespeariana introduint-se plenament en un teatre f\u00edsic, po\u00e8tic, a vegades abstracte, a vegades terrenal.<\/p>\n<p style=\"text-align: justify;\">\u00bfDe quina mat\u00e8ria estem fets? Estem fets de la mat\u00e8ria dels records.\u00a0<\/p>\n<p>&nbsp;<\/p>\n<div>\n<p><strong>EQUIP ART\u00cdSTIC<\/strong><\/p>\n<table width=\"461\">\n<tbody>\n<tr>\n<td>Direcci\u00f3\u00a0<strong>Marc Chornet<\/strong><\/td>\n<\/tr>\n<tr>\n<td>Escenografia <strong>Laura Clos (Closca)<\/strong><\/td>\n<\/tr>\n<tr>\n<td>Vestuari\u00a0<strong>Marta Rafa<\/strong><\/td>\n<\/tr>\n<tr>\n<td>Disseny audiovisual <strong>Alfonso Ferri<\/strong><\/td>\n<\/tr>\n<tr>\n<td>Ajudant de direcci\u00f3\u00a0<strong>Jaume Vi\u00f1as<\/strong><\/td>\n<\/tr>\n<tr>\n<td>Assistent art\u00edstica\u00a0<strong>Rosa Serra<\/strong><\/td>\n<\/tr>\n<tr>\n<td>Ajudant d&#8217;escenografia <strong>Sergi Corbera<\/strong><\/td>\n<\/tr>\n<tr>\n<td>Ajudant de vestuari\u00a0<strong>Helena Torres<\/strong><\/td>\n<\/tr>\n<tr>\n<td>M\u00fasica original i arrenjaments vocals <strong>Neus P\u00e0mies<\/strong><\/td>\n<\/tr>\n<tr>\n<td>Espaci Sonor\u00a0<strong>Pol Queralt<\/strong><\/td>\n<\/tr>\n<tr>\n<td>Moviment\u00a0<strong>V\u00edctor Rodrigo<\/strong><\/td>\n<\/tr>\n<\/tbody>\n<\/table>\n<p>Repartiment<br \/> <strong>Toni Guillemat<\/strong><br \/> <strong>Cristina L\u00f3pez<\/strong><br \/> <strong>Neus P\u00e0mies<\/strong><br \/> <strong>V\u00edctor Rodrigo<\/strong><br \/> <strong>Neus P\u00e0mies<\/strong><br \/> <strong>Mart\u00ed Salvat<\/strong><br \/> <strong>Roser Tapias<\/strong><br \/> <strong>Xavier Torra<\/strong><\/p>\n<\/div>\n[\/et_pb_text][\/et_pb_column][\/et_pb_row][et_pb_row _builder_version=&#8221;3.25&#8243; background_size=&#8221;initial&#8221; background_position=&#8221;top_left&#8221; background_repeat=&#8221;repeat&#8221;][et_pb_column type=&#8221;4_4&#8243; _builder_version=&#8221;3.25&#8243; custom_padding=&#8221;|||&#8221; custom_padding__hover=&#8221;|||&#8221;][et_pb_text _builder_version=&#8221;4.5.6&#8243; header_3_font=&#8221;|700|||on|||rgba(0,0,0,0)|&#8221; header_3_text_align=&#8221;left&#8221; header_3_text_color=&#8221;#48a9a6&#8243;]<h3>NOTICIAS \/ CR\u00cdTICAS<\/h3>\r[\/et_pb_text][et_pb_testimonial job_title=&#8221;23\/03\/2018&#8243; url=&#8221;http:\/\/www.lavanguardia.com\/vida\/20180323\/441869279584\/projecte-ingenu-presenta-un-shakespeare-sin-palabras-en-vaig-ser-prosper.html&#8221; url_new_window=&#8221;on&#8221; portrait_url=&#8221;http:\/\/victor-rodrigo.com\/vrodrigo\/wp-content\/uploads\/2018\/03\/la-vanguardia-logo.png&#8221; quote_icon_color=&#8221;#ff935e&#8221; portrait_width=&#8221;110&#8243; portrait_height=&#8221;50&#8243; admin_label=&#8221;La Vanguardia&#8221; _builder_version=&#8221;4.5.6&#8243; background_color=&#8221;#48a9a6&#8243; text_orientation=&#8221;justified&#8221; border_radii_portrait=&#8221;on|15px|15px|15px|15px&#8221;]<h1 class=\"story-leaf-title\" style=\"text-align: justify;\">Projecte Ingenu presenta un Shakespeare sin palabras en &#8220;Vaig ser pr\u00f2sper&#8221;<\/h1>\r\n<p style=\"text-align: justify;\">Barcelona, 23 mar (EFE).- Danza, teatro f\u00edsico, m\u00fasica vocal &#8216;a capella&#8217; y una escenograf\u00eda mutante son algunos elementos de la adaptaci\u00f3n contempor\u00e1nea de &#8220;La Tempestad&#8221; de Shakespeare que la compa\u00f1\u00eda Projecte Ingenu ha transformado en un montaje sin palabras.<\/p>\r\n<p style=\"text-align: justify;\">&#8220;Vaig ser pr\u00f2sper o recordant la tempesta&#8221;, que se estrenar\u00e1 en el La Seca Espai Brossa de Barcelona el pr\u00f3ximo 6 de abril, &#8220;es una creaci\u00f3n que toma la forma et\u00e9rea de los sue\u00f1os y los recuerdos&#8221;, seg\u00fan ha informado la compa\u00f1\u00eda.<\/p>\r\n<p style=\"text-align: justify;\">La \u00faltima gran obra de Shakespeare, &#8220;La Tempestad&#8221;, sirve como punto de partida a Projecte Ingenu para una exploraci\u00f3n de la naturaleza de la vejez humana.<\/p>\r\n<p style=\"text-align: justify;\">Despu\u00e9s de &#8220;Hamlet&#8221; y &#8220;Romeu i Julieta&#8221;, la compa\u00f1\u00eda cierra una trilog\u00eda shakesperiana con una pieza teatral &#8220;que busca averiguar qu\u00e9 forman tienen los recuerdos y qu\u00e9 hay dentro de una mente humana que est\u00e1 a punto de decir adi\u00f3s&#8221;, han a\u00f1adido en un comunicado.<\/p>\r\n<p style=\"text-align: justify;\">El core\u00f3grafo y bailar\u00edn V\u00edctor Rodrigo interpreta al viejo Pr\u00f3spero, que vive en soledad a\u00f1os despu\u00e9s de haber vuelto a Mil\u00e1n e intenta recordar su pasado, cuando \u00e9l era una persona pr\u00f3spera y su casa era esplendorosa.<\/p>\r\n<p style=\"text-align: justify;\">&#8220;La obra se adentra en la memoria de Pr\u00f3spero, que tiene la forma de los sue\u00f1os, no necesita palabras y se deforma de manera po\u00e9tica antes de decir adi\u00f3s&#8221;, seg\u00fan la compa\u00f1\u00eda.<\/p>\r\n<p style=\"text-align: justify;\">La puesta en escena se inspira en Jan Lauwers, Cristoph Marthaler, Heiner Goebbels y Carlos Santos, y el texto coexiste con la danza y el uso de la canci\u00f3n como base de situaciones dram\u00e1ticas.<\/p>\r\n<p style=\"text-align: justify;\">&#8220;Vaig ser Pr\u00f2sper&#8221; est\u00e1 dirigida por Marc Chornet y cuenta con un reparto formado por Toni Guillemat, Cristina L\u00f3pez, Neus P\u00e0mies, Mart\u00ed Salvat, V\u00edctor Rodrigo, Roser T\u00e0pias y Xavier Torra.<\/p>\r\n<p style=\"text-align: justify;\">Projecte Ingenu naci\u00f3 en 2013 como un grupo de investigaci\u00f3n pr\u00e1ctica sobre el hecho teatral, a partir de la premisa de la centralidad del actor en la po\u00e9tica esc\u00e9nica. EFE<\/p>\r[\/et_pb_testimonial][et_pb_testimonial author=&#8221;J. BORDES&#8221; job_title=&#8221;29\/03\/2018&#8243; url=&#8221;http:\/\/www.elpuntavui.cat\/cultura\/article\/19-cultura\/1365560-shakespeare-ben-mut.html&#8221; url_new_window=&#8221;on&#8221; portrait_url=&#8221;http:\/\/victor-rodrigo.com\/vrodrigo\/wp-content\/uploads\/2018\/03\/El-punt-avui.jpg&#8221; quote_icon_color=&#8221;#ff935e&#8221; portrait_width=&#8221;110&#8243; portrait_height=&#8221;50&#8243; admin_label=&#8221;El Punt Avui&#8221; _builder_version=&#8221;4.5.6&#8243; background_color=&#8221;#48a9a6&#8243; text_orientation=&#8221;justified&#8221; border_radii_portrait=&#8221;on|15px|15px|15px|15px&#8221;]<h1 class=\"article-titol\">Shakespeare ben mut<\/h1>\r\n<h4 class=\"article-titol\">Projecte Ingenu torna a La Seca amb una adaptaci\u00f3 de \u2018La tempesta\u2019 construint un moviment coreogr\u00e0fic inquietant que il\u00b7lustra el comiat de Pr\u00f2sper<\/h4>\r\nProjecte Ingenu tanca la trilogia de Shakespeare eliminant la paraula. Depr\u00e9s de <i>Hamlet<\/i> (estrenat a l\u2019Atrium el 2014 i amb una segona temporada a la sala) i <i>Romeo i Julieta<\/i> (2016, repetint estada el Nadal passat a La Seca) parteixen de La tempesta per titular-ho <i>Vaig ser Pr\u00f2sper o recordant la tempesta.<\/i> L\u2019obra s\u2019estrenar\u00e0 el 6 d\u2019abril vinent a La Seca. El director Marc Chornet remet a la r\u00e8plica de Pr\u00f2sper quan es pregunta de qu\u00e8 estan fets els homes (\u201cDe la mat\u00e8ria dels somnis\u201d) per evocar el comiat del protagonista, el seu darrer al\u00e8 de consci\u00e8ncia, en qu\u00e8 es dedica a recordar el passatge de <i>La tempesta<\/i> que va viure.\r\n\r\nPer Chornet, Shakespeare es va acomiadar dramat\u00fargicament amb aquesta obra d\u2019una m\u00e0gia estranya que s\u2019ha representat molt pocs cops(Llu\u00eds Pasqual en va fer una versi\u00f3 al Lliure el 2006). Pr\u00f2sper, aquest duc de Mil\u00e0 expulsat, revisa el seu cap\u00edtol \u00e8pic del naufragi i la salvaci\u00f3, ja a casa seva. El personatge, interpretat per V\u00edctor Rodrigo (que tamb\u00e9 assumeix l\u2019assessoria de moviment), recorda el passatge i apareixen la resta dels int\u00e8rprets de la companyia. El p\u00fablic, situat a dues bandes, se sent molt endins de l\u2019espai (de fet, haur\u00e0 de creuar l\u2019escenari per accedir a les butaques).\r\n\r\nProjecte Ingenu persegueix una po\u00e8tica pr\u00f2pia: a partir del cant i el moviment coreogr\u00e0fic. A <i>Vaig ser Pr\u00f2sper<\/i> juguen amb les atmosferes, les textures, les sensacions de l\u2019obra original per\u00f2 des d\u2019un punt de vista subjectiu. L\u2019\u00fanic que mant\u00e9 alguna r\u00e8plica original \u00e9s Ariel, el foll misteri\u00f3s de l\u2019illa. La pe\u00e7a es pot seguir molt b\u00e9 si es coneix la pe\u00e7a original, per\u00f2 tamb\u00e9 aporta altres universos si es desconeix, perqu\u00e8 transita en un espai en qu\u00e8 Pr\u00f2sper perd la mem\u00f2ria i permet imaginar un malalt d\u2019Alzheimer, per exemple.\r[\/et_pb_testimonial][et_pb_testimonial author=&#8221;J. BORDES&#8221; job_title=&#8221;07\/04\/2018&#8243; url=&#8221;http:\/\/www.recomana.cat\/CRITICA\/4341\/3\/Vaig%20ser%20Pr\u00f2sper%20o%20recordant%20La%20tempesta\/Jordi%20Bordes&#8221; url_new_window=&#8221;on&#8221; portrait_url=&#8221;http:\/\/victor-rodrigo.com\/vrodrigo\/wp-content\/uploads\/2018\/03\/Recomana-1.jpg&#8221; quote_icon_color=&#8221;#ff935e&#8221; portrait_width=&#8221;110&#8243; portrait_height=&#8221;50&#8243; admin_label=&#8221;Recomana&#8221; _builder_version=&#8221;4.5.6&#8243; background_color=&#8221;#48a9a6&#8243; text_orientation=&#8221;justified&#8221; border_radii_portrait=&#8221;on|15px|15px|15px|15px&#8221;]<h1 class=\"article-titol\"><b>Projecte Ingenu es desenganxa de la seductora paraula de Shakespeare<\/b><\/h1>\r\n<p class=\"article-titol\">\u00c9s una pe\u00e7a valenta constru\u00efda amb molt temps de recerca i que permet avan\u00e7ar la companyia a un imaginari propi, potser fent dos passes m\u00e9s enll\u00e0 (i que m\u00e9s endavant tornin una passa m\u00e9s enrere). Com aquell pr\u00f2leg de <i>Hamlet <\/i>de Rigola (<i>European house<\/i>, 2006) han descartat el suggerent vers de Shakespeare destil\u00b7lant les emocions m\u00e9s que les accions. Tamb\u00e9 juga amb un espai esc\u00e8nic i una acci\u00f3 m\u00faltiple que no es preocupa gaire de jerarquitzar les accions. Una imatge de televisi\u00f3\u00a0 amb retransmissions de passatges ben diferents, en tot cas, ajuden a establir els canvis de quadres. El tel\u00e8fon multiplicat per l&#8217;espai evoca a la soledat m\u00e9s fosca de<i> Iuanme<\/i> quan la trucada \u00e9s per anunciar la mort d&#8217;alg\u00fa estimat.<\/p>\r\nPr\u00f2sper, ara, \u00e9s a casa. I, tot d&#8217;una, recorda el seu episodi de <i>La tempesta<\/i>, quan va tenir a les mans el poder de la venjan\u00e7a per\u00f2 que finalment va perdonar tothom. Fer la traslaci\u00f3 de Miranda, Ariel o els altres personatges (Caliban) en un moment concret de l&#8217;escena \u00e9s tant inexacte com innecessari. Perqu\u00e8, el que sura \u00e9s la fi d&#8217;un Pr\u00f2sper que perd la ra\u00f3, la mem\u00f2ria, l&#8217;escalf. Els\u00a0 esperits, li treuen el que ell es va guanyar amb els llibres. Per\u00f2 ell no s&#8217;hi rebel\u00b7la, com si hagu\u00e9s triat un final dol\u00e7, en qu\u00e8 la consci\u00e8ncia es va escolant\u00a0 d&#8217;entre els dits de les mans, fent un estrany pessigolleig i morint amb la calma per\u00f2 tamb\u00e9 la buidor m\u00e9s absoluta.\r\n\r\nSi el cop de canell en la dramaturgia \u00e9s de molta envergadura, fa un salt molt m\u00e9s enll\u00e0 que les seves posades en escena de <i>Yerma <\/i>o <a href=\"http:\/\/www.recomana.cat\/CRITICA\/2833\/3\/Romeu%20i%20Julieta\/Jordi%20Bordes\">Romeu i Julieta<\/a><i>, <\/i>el salt mortal interpretatiu tamb\u00e9 \u00e9s de risc. Se&#8217;n surten molt b\u00e9 amb un cant suau,que posa el coix\u00ed c\u00e0lid a l&#8217;escena, troben instants coreogr\u00e0fics de joc virtu\u00f3s (quan Pr\u00f2sper sopa) i en\u00e8rgics (amb balls tribals en un pis que es va desmembrant) per\u00f2 encara han d&#8217;assegurar el gest, contenir-lo en alguns quadres muts que necessiten moure per\u00a0 transmetre, quan \u00e9s molt m\u00e9s efica\u00e7 la intenci\u00f3 de la mirada. Un treball de creixement, que obliga a una atenci\u00f3 i predisposici\u00f3 del p\u00fablic. Per\u00f2 que si s&#8217;hi entra sense l&#8217;obsessi\u00f3 de voler recon\u00e8ixer <i>La tempesta<\/i> o entendre les relacions (o identificacions) dels personatges i es deixa que sigui una marea que vagi xopant l&#8217;escena, es pot disfrutar molt. Projecte Ingenu, tot i els llampecs puntuals imprescindibles per dotar de ritme una escena, ha atenuat la for\u00e7a de les onades, l&#8217;ha deixada molt pausada: no \u00e9s un x\u00e0fec fred i que despulla, si no una aiguat c\u00e0lid que transita i empeny els mobles i les catifes, capriciosament com aquella escena m\u00edtica de la bossa de pl\u00e0stic volant a l&#8217;empara del vent (i la banyera) a <i>American beauty<\/i>.\r\n<h1 class=\"article-titol\"><\/h1>\r[\/et_pb_testimonial][et_pb_testimonial author=&#8221;ELISA D\u00cdEZ&#8221; job_title=&#8221;18\/04\/2018&#8243; url=&#8221;http:\/\/www.recomana.cat\/CRITICA\/4341\/3\/Vaig%20ser%20Pr\u00f2sper%20o%20recordant%20La%20tempesta\/Jordi%20Bordes&#8221; url_new_window=&#8221;on&#8221; portrait_url=&#8221;http:\/\/victor-rodrigo.com\/vrodrigo\/wp-content\/uploads\/2018\/03\/Recomana-1.jpg&#8221; quote_icon_color=&#8221;#ff935e&#8221; portrait_width=&#8221;110&#8243; portrait_height=&#8221;50&#8243; admin_label=&#8221;Recomana2&#8243; _builder_version=&#8221;4.5.6&#8243; background_color=&#8221;#48a9a6&#8243; text_orientation=&#8221;justified&#8221; border_radii_portrait=&#8221;on|15px|15px|15px|15px&#8221;]<h1 class=\"article-titol\"><b>What a f*cking maravilla!<\/b><\/h1>\r\n<p class=\"article-titol\"><strong>Marc Chornet<\/strong> es uno de los directores que mejor conoce la obra del Bardo Ingl\u00e9s y queda demostrado a lo largo del montaje. S\u00f3lo despu\u00e9s de una profunda investigaci\u00f3n sobre su obra se puede llegar a crear un montaje como \u00e9ste. Si con\u00a0<em>Hamlet<\/em> consigui\u00f3 sorprendernos, con\u00a0<em>Romeo y Julieta<\/em> nos dej\u00f3 mudos, <strong>Vaig ser pr\u00f2sper nos deja totalmente boquiabiertos.\u00a0<\/strong><\/p>\r\n<p class=\"article-titol\">Cuando no hay palabras, la responsabilidad recae en una dramaturgia de sonidos, teatro f\u00edsico y de una puesta en escena acorde a todo el conjunto. El <strong>espacio sonoro<\/strong> dise\u00f1ado por\u00a0<strong>Pol Queralt<\/strong> juntamente con la\u00a0<strong>m\u00fasica orifinal y los arreglos vocales de Neus P\u00e0mies eriza la piel<\/strong>, es todo un viaje emocional que es imposible que te deje indiferente.\u00a0<strong>V\u00edctor Rodrigo firma un movimiento que te atrapa, no hay escapatoria para unos ojos que no se despegan de la acci\u00f3n en ning\u00fan momento.<\/strong> La escena inicial con los criados es de una belleza po\u00e9tica que te desmonta. Impresionante.<\/p>\r\n<strong>Vaig ser pr\u00f2sper exige a sus int\u00e9rpretes una entrega diferente,\u00a0<\/strong>como una dramaturgia y un ritmo tan coreografiado cualquier error es f\u00e1cilmente visible a los ojos del espectador. Pero en eso, Projecte Ingenu son unos expertos, dominan la naturalidad para que todas las piezas encajen y esta vez no iba a ser menos, entrega total&#8230; y se nota, vaya que si se nota!\r\n\r\nLa herencia simbolista que ya adoptaron en su anterior montaje,\u00a0<em>Yerma<\/em>, queda muy superado aqu\u00ed.\u00a0<strong>Vaig ser pr\u00f2sper es el doctorado Cum Laude de Marc Chornet en Shakespeare,\u00a0<\/strong>en montajes simbolistas. Projecte Ingenu tiene prohibido conformarse y lo sigue demostrando. No hay fronteras, no hay barreras que no logren superar.\u00a0<strong>What a f*cking maravilla!<\/strong> BRAVO!\r[\/et_pb_testimonial][et_pb_testimonial author=&#8221;NICOLAS LARRUY&#8221; job_title=&#8221;12\/04\/2018&#8243; url=&#8221;http:\/\/www.espectaculosbcn.com\/vaig-ser-prosper-o-recordant-la-tempesta\/&#8221; url_new_window=&#8221;on&#8221; portrait_url=&#8221;http:\/\/victor-rodrigo.com\/vrodrigo\/wp-content\/uploads\/2018\/05\/Espect\u00e1culosBCN.jpg&#8221; quote_icon_color=&#8221;#ff935e&#8221; portrait_width=&#8221;110&#8243; portrait_height=&#8221;50&#8243; admin_label=&#8221;Espect\u00e1culosBCN&#8221; _builder_version=&#8221;4.5.6&#8243; background_color=&#8221;#48a9a6&#8243; text_orientation=&#8221;justified&#8221; border_radii_portrait=&#8221;on|15px|15px|15px|15px&#8221;]<h1 class=\"entry-title\">Cr\u00edtica: Vaig ser Pr\u00f2sper o recordant la Tempesta \u2013 Somiar amb els ulls oberts..<\/h1>\r\nA La Seca Espai Brossa hi podem veure una pe\u00e7a que \u00e9s com un treball de puntes de coix\u00ed: delicat, eteri, complicat i alhora molt bell: <em><strong>Vaig ser Pr\u00f2sper o recordant la Tempesta<\/strong><\/em>.\r\n\r\nUn muntatge que agafa com a punt de partida<strong><em> La Tempesta<\/em> de William Shakespeare<\/strong> per crear una pe\u00e7a que \u00e9s una filigrana delicada i subtil.\r\n<h3>La Tempesta, una hist\u00f2ria plena de m\u00e0gia, que ens retorna la m\u00e0gia<\/h3>\r\nVeiem Pr\u00f2sper, gran, envoltat per un n\u00favol d\u2019ajudants que el serveixen i l\u2019ajuden. Hi veiem Miranda\u2026 o potser no \u00e9s Miranda\u2026 De mica en mica, Pr\u00f2sper, amb l\u2019ajuda de tots, va recreant moments del seu passat.\r\n\r\n<strong>Per\u00f2 la mem\u00f2ria \u00e9s tra\u00efdora<\/strong> i les imatges que ens dibuixen s\u00f3n inexactes. No \u00e9s una fotografia. No \u00e9s una pel\u00b7l\u00edcula. Ni una narraci\u00f3 escrita. \u00c9s un imatge que hi ha en algun rac\u00f3 del cervell.\r\n<h3>A <em>Vaig ser Pr\u00f2sper o recordant la Tempesta<\/em> ens trobem amb un somni que es fa real davant dels nostres ulls<\/h3>\r\n<strong>\u00c9s un muntatge on\u00edric.<\/strong> Les imatges v\u00e9nen i van i, com en els somnis, tot t\u00e9 una coher\u00e8ncia que despr\u00e9s ens sembla irreal. La coreografia dels moviments crea una sensaci\u00f3 de continu\u00eftat que ho lliga tot i va donant pas a les diferentes escenes que, de vegades, s\u00f3n nom\u00e9s insinuades, i de vegades, estan dissenyades amb molt de detall.\r\n<h3>Un gran treball musical. Un gran treball coreogr\u00e0fic<\/h3>\r\nLa m\u00fasica, que barreja can\u00e7ons molt diferents cantades de formes molt variades (madrigal angl\u00e8s, can\u00e7\u00f3 de bressol mallorquina\u2026) <strong>crea un ambient il\u00b7lusori.<\/strong> Les imatges s\u00f3n com n\u00favols de boira esfilagarsada que passen davant dels nostres ulls i es desfan gaireb\u00e9 sense adonar-nos.\r\n\r\n<strong>La hist\u00f2ria llisca suaument,<\/strong> i les imatges passen davant dels nostres ulls sense que poguem delimitar quan en comen\u00e7a una, quan acaba, quan comen\u00e7a l\u2019altra\u2026\u00a0L\u2019escenografia, nom\u00e9s esbo\u00e7ada, un vestuari minimalista, un disseny d\u2019il\u00b7luminaci\u00f3 que refor\u00e7a l\u2019ambient on\u00edric de l\u2019obra, i la m\u00fasica<strong> (i qu\u00e8 b\u00e9 que canten!!!),<\/strong> formen part d\u2019aquest tot on no hi sobra res i tot est\u00e0 molt ben lligat.\r\n\r\nEn sortir del teatre, ens hem de fregar els ulls perqu\u00e8<strong> tenim la sensaci\u00f3 de qu\u00e8 hem somiat, amb els ulls oberts\u2026<\/strong> per\u00f2 hem somiat. El que tenim al cap, el que hem vist, ens dona la sensaci\u00f3 d\u2019aquells moments en qu\u00e8 ens despertem i recordem el que acabem de somiar\u2026 i s\u00f3n imatges que es barregen per\u00f2 que tenen sentit. Almenys, en el somni, el tenien.\r\n<h3><em>Vaig ser Pr\u00f2sper o recordant la Tempesta<\/em>, la nova obra de Projecte Ingenu<\/h3>\r\n<strong>El Projecte Ingenu ha creat una pe\u00e7a que, com en un vitrall il\u00b7luminat pel sol,<\/strong> crea imatges en els seus reflexes. Una pe\u00e7a on ens demostren el seu domini de l\u2019espai, del tempo, del cos, de la veu, del gest. Una pe\u00e7a on s\u00f3n ells, s\u00f3n un personatge i tamb\u00e9 juguen a qu\u00e8 juguen a ser alg\u00fa altre. Un treball on la imaginaci\u00f3 vessa per tots costats, sense l\u00edmits.\r\n\r\nToni Guillemat, Cristina L\u00f3pez, Neus P\u00e0mies, V\u00edctor Rodrigo, Mart\u00ed Salvat, Roser T\u00e0pias i Xavier Torra interpreten, ballen, canten\u2026 juguen. Aqu\u00ed, en aquesta obra, caldria fer servir \u201cto play\u201d o \u201cjouer\u201d\u2026 perqu\u00e8<strong> el que fan \u00e9s com un joc ple d\u2019inventiva<\/strong> en qu\u00e8 la ficci\u00f3 i la realitat es barregen i en difuminen les fronteres.\r\n\r\n<em>Vaig ser Pr\u00f2sper o recordant la Tempesta<\/em> \u00e9s <strong>un muntatge que ens deixa bocabadats.<\/strong> I amb el regust d\u2019haver estat somiant un somni que ens ha agradat molt, que ens ha deixat una sensaci\u00f3 dol\u00e7a al cos, i que voldr\u00edem tornar a somiar m\u00e9s d\u2019un cop.\r[\/et_pb_testimonial][et_pb_testimonial author=&#8221;GEMA MORALEDA&#8221; job_title=&#8221;22\/04\/2018&#8243; url=&#8221;http:\/\/www.somnisdeteatre.com\/vaig-ser-prosper-o-recordant-la-tempesta\/&#8221; url_new_window=&#8221;on&#8221; portrait_url=&#8221;http:\/\/victor-rodrigo.com\/vrodrigo\/wp-content\/uploads\/2018\/03\/Somnis-de-Teatre.jpg&#8221; quote_icon_color=&#8221;#ff935e&#8221; portrait_width=&#8221;110&#8243; portrait_height=&#8221;50&#8243; admin_label=&#8221;Somnis de Teatre&#8221; _builder_version=&#8221;4.5.6&#8243; background_color=&#8221;#48a9a6&#8243; text_orientation=&#8221;justified&#8221; border_radii_portrait=&#8221;on|15px|15px|15px|15px&#8221;]<h1 class=\"entry-title\">Vaig ser Pr\u00f2sper o recordant <i>La tempesta<\/i><\/h1>\n<div>\n<div>\n<p>Quan vaig saber que <strong>Projecte Ingenu<\/strong> apostava per un espectacle sense paraules a\u00a0<em><strong>Vaig ser Pr\u00f2sper o recordant <\/strong><\/em><strong>La tempesta<\/strong> vaig decidir anar a <strong>La Seca<\/strong> sense \u201cfer els deures\u201d, \u00e9s a dir, sense llegir res de l\u2019espectacle i, sobretot, sense repassar l\u2019argument de <em><strong>La tempesta<\/strong><\/em> per tenir-ho ben present i jugar a captar detalls i missatges. D\u2019alguna manera, vaig decidir anar a jugar, a deixar-me explicar la hist\u00f2ria que ells em volguessin explicar. I crec que la vaig encertar.<\/p>\n<\/div>\n<\/div>\n<div>Perqu\u00e8, paradoxalment, <strong>Projecte Ingenu<\/strong> ha fet servir <em><strong>La tempesta<\/strong><\/em> o, m\u00e9s aviat, el personatge de <strong>Pr\u00f2sper<\/strong> per tractar un tema que <strong>Shakespeare<\/strong> aborda al <em><strong>Rei Lear<\/strong><\/em>: la vellesa. L\u2019espectacle proposa un viatge a la ment d\u2019un <strong>Pr\u00f2sper<\/strong> anci\u00e0, que fa aig\u00fces. <strong>Pr\u00f2sper<\/strong>, el mag que havia dominat la seva illa i els destins dels que el rodejaven, \u00e9s ara un anci\u00e0 fr\u00e0gil amb una ment plena de sons i imatges que no sap posar en ordre per\u00f2 que el commouen i el fan feli\u00e7, a estones.<\/div>\n<div><\/div>\n<div>En escena, <strong>V\u00edctor Rodrigo<\/strong> dona vida a aquest <strong>Pr\u00f2sper<\/strong> amb una veritat que desarma. El seu moviment \u00e9s prec\u00eds i carregat de veritat per\u00f2 \u00e9s la seva mirada la que ens indica en tot moment el to emotiu d\u2019aquest home, una mirada que jo he vist m\u00e9s d\u2019una vegada en malalts d\u2019Alzheimer, tan sorpresos com espantats de seguir vius, per\u00f2 amb petites guspires que ens fan veure que, potser, la persona que van ser encara hi \u00e9s, d\u2019alguna manera.<\/div>\n<div><\/div>\n<div>L\u2019acompanyen\u00a0<strong>Toni Guillemat<\/strong>, <strong>Cristina L\u00f3pez<\/strong>, <strong>Neus P\u00e0mies<\/strong>, <strong>Mart\u00ed Salvat<\/strong>, <strong>Roser T\u00e0pias<\/strong> i <strong>Xavier Torra<\/strong>, que donen vida a tots els papers de l\u2019auca, els del m\u00f3n \u201creal\u201d (una mena de cuidadors d\u2019una resid\u00e8ncia) i els del m\u00f3n somniat\/recordat, que s\u00f3n els personatges de <em><strong>La tempesta<\/strong><\/em>. La seva feina, com la de <strong>Rodrigo<\/strong>, \u00e9s precisa i, en alguns moments, insuportablement bella. El seu moviment, les seves veus, el ritme i l\u2019extrema complicitat que mostren fa que tot el que passa en escena sigui hipn\u00f2tic i m\u00e0gic.<\/div>\n<div><\/div>\n<div>L\u2019\u00fanic per\u00f2 que se li pot posar a aquest muntatge \u00e9s l\u2019escenografia. Una estructura amb vuit columnes que delimita i dona volum a l\u2019espai central per\u00f2 que, alhora, dificulta la visi\u00f3 de moltes accions, quelcom que resulta molt inc\u00f2mode en una obra on les expressions i els gestos s\u00f3n la \u00fanica cosa que aporta informaci\u00f3. D\u2019altra banda, troballes com els micr\u00f2fons amagats als tel\u00e8fons de baquelita o l\u2019us del so de l\u2019aigua d\u2019un cubell de fregar em van resultar brillants.<\/div>\n<div><\/div>\n<div><em><strong>Vaig ser Pr\u00f2sper o recordant <\/strong><\/em><strong>La tempesta<\/strong> juga amb l\u2019afirmaci\u00f3 de <strong>Shakespeare<\/strong>\u00a0que estem fets de la mateixa mat\u00e8ria que estan fets els somnis (cita que, per cert, va inspirar el nom d\u2019aquest blog) i proposa que, en realitat, el material del nostre \u00e9sser s\u00f3n els records. Un retrat fascinant i emotiu del que suposa la p\u00e8rdua de la mem\u00f2ria. Un espectacle del qual no pots apartar la vista. Preci\u00f3s.<\/div>[\/et_pb_testimonial][et_pb_testimonial author=&#8221;RAM\u00d3N OLIVER&#8221; job_title=&#8221;06\/04\/2018&#8243; url=&#8221;http:\/\/www.somnisdeteatre.com\/vaig-ser-prosper-o-recordant-la-tempesta\/&#8221; url_new_window=&#8221;on&#8221; portrait_url=&#8221;http:\/\/victor-rodrigo.com\/vrodrigo\/wp-content\/uploads\/2019\/01\/quefem_lavanguardia.png&#8221; quote_icon_color=&#8221;#ff935e&#8221; portrait_width=&#8221;110&#8243; portrait_height=&#8221;50&#8243; admin_label=&#8221;Que Fem&#8221; _builder_version=&#8221;4.5.6&#8243; background_color=&#8221;#48a9a6&#8243; text_orientation=&#8221;justified&#8221; border_radii_portrait=&#8221;on|15px|15px|15px|15px&#8221;]<h1 class=\"entry-title\">Tempestuoses paraules perdudes<\/h1>\n<div>\n<div>\n<p>&#8220;Projecte Ingenu reinideix amb Shakespeare per\u00f2 el deixa mut, en aquesta molt visual reinterpretaci\u00f3 d&#8217;una obra mestra&#8221;<\/p>\n<p>&#8220;Nosaltres estem fets de la mateixa mat\u00e8ria dels somnis, i la nostra petita vida s&#8217;acaba com un somni&#8221;. Aix\u00f2 \u00e9s el que ve a dir <strong>el vell Pr\u00f2sper,<\/strong> duc exiliat de Mil\u00e0 i savi demi\u00fcrg dotat de facultats m\u00e0giques, en la que potser \u00e9s la m\u00e9s c\u00e8lebre frase continguda a\u00a0<strong>La Tempestat.<\/strong> Per\u00f2 a l&#8217;hora de tancar la seva triologia shakespeariana &#8211; abans d&#8217;arribar a la senectut d&#8217;aquest personatge, la companyia ja s&#8217;ha apropat amb bons recursos i\u00a0<strong>cops d&#8217;originalitat<\/strong> a la passi\u00f3 adolescent de\u00a0<em>Romeu i Julieta<\/em> i als dubtes juvenils de\u00a0<em>Hamlet<\/em>-, Projecte Ingenu modifica lleugerament la famosa sent\u00e8ncia per afirmar que nosaltres estem fets de la mateixa mat\u00e8ria dels records.<\/p>\n<p>Al cap i a la fi, \u00e9s ben cert que <strong>qualsevol record<\/strong> sempre t\u00e9 alguna cosa de somni immaterial. El cas \u00e9s que Shakespeare feia que el seu Pr\u00f2sper visqu\u00e8s amb la filla en una illa habitada nom\u00e9s per <strong>\u00e9ssers m\u00e0gics<\/strong> sotmesos a les seves ordres. I feia tamb\u00e9 que, al final de l&#8217;obra, perdon\u00e8s els enemics i renunci\u00e8s\u00a0<strong>als seus poders,<\/strong> gairab\u00e9 com si estigu\u00e9s assumint amb aquest acte la vellesa i la moralitat alhora.<\/p>\n<p>Els ingenus es llancen al buit<\/p>\n<p>Per\u00f2, qu\u00e8 se&#8217;n va fer, d&#8217;ell? Doncs Marc Chornet (vau anar a veure la seva versi\u00f3 de <em>Yerma?<\/em>) se l&#8217;imaginava com un home que\u00a0<strong>una vegada havia sigut pr\u00f2sper<\/strong> i que ara ja comen\u00e7a a no saber qui va ser realment Pr\u00f2sper. Residint en una mansi\u00f3 tan en ru\u00efna com la seva mem\u00f2ria, aquest personatge no pronuncia\u00a0<strong>ni una sola paraula:<\/strong> potser per aix\u00f2 \u00e9s interpretat pel ballar\u00ed Victor Rodrigo. Per\u00f2, des del mutisme, i ara que s&#8217;apropa\u00a0<strong>l&#8217;hora final,\u00a0<\/strong>posa en marxa la maquin\u00e0ria dels records confusos.<\/p>\n<p>Chornet i els seus han volgut mirar-se una mica en el mirall del Heiner M\u00fcller de <em><strong>Hamlet Machine,<\/strong><\/em>obra fonamental del teatre contemporani que s&#8217;oblidava per complet del text de Shakespeare i feia que el pr\u00edncep es present\u00e9s a l&#8217;escenari parlant en passat i digu\u00e9s all\u00f2 de &#8220;I was Hamlet&#8221;.<\/p>\n<p>Doncs b\u00e9; si parl\u00e9s, el protagonista d&#8217;aquest muntatge amb el qual <strong>Projecte Ingenu <\/strong>ha volgut experimentar com mai abans amb el llenguatge corportal tot rivindicant les teories d&#8217;aquell teatre pobre defensat per Grotowski, ens dir\u00eda: &#8220;I was Pr\u00f2sper&#8221;.<\/p>\n<p>I, jugant amb la significaci\u00f3 del nom, Chornet s&#8217;ha volgut apropar a la <strong>prosperitat perduda<\/strong>, el car\u00e0cter ef\u00edmer del poder i l&#8217;estat de crisi en qu\u00e8 est\u00e0 immers un m\u00f3n amb valors potser ja massa senils.<\/p>\n<\/div>\n<\/div>[\/et_pb_testimonial][et_pb_testimonial author=&#8221;MIQUEL GASC\u00d3N&#8221; job_title=&#8221;07\/04\/2018&#8243; url=&#8221;http:\/\/www.somnisdeteatre.com\/vaig-ser-prosper-o-recordant-la-tempesta\/&#8221; url_new_window=&#8221;on&#8221; portrait_url=&#8221;http:\/\/victor-rodrigo.com\/vrodrigo\/wp-content\/uploads\/2018\/03\/Captura-de-pantalla-2019-01-12-a-les-17.06.24.png&#8221; quote_icon_color=&#8221;#ff935e&#8221; portrait_width=&#8221;110&#8243; portrait_height=&#8221;50&#8243; admin_label=&#8221;Voltar i Voltar&#8221; _builder_version=&#8221;4.5.6&#8243; background_color=&#8221;#48a9a6&#8243; text_orientation=&#8221;justified&#8221; border_radii_portrait=&#8221;on|15px|15px|15px|15px&#8221;]<h1 class=\"entry-title\">Una posada en escena fascinant, propera al teatre-dansa<\/h1>\n<div>\n<div>\n<p>Aquesta obra serveix com a punt de partida a <strong>Projecte Ingenu<\/strong> per fer <strong>una exploraci\u00f3 de la naturalesa de la senectut humana<\/strong>. Com ens van comentar a la <strong>roda de premsa<\/strong>, despr\u00e9s de \u201c<strong>HAMLET<\/strong>\u201d i \u201c<strong>ROMEU i JULIETA<\/strong>\u201d, la companyia <strong>tanca, amb aquesta proposta, una trilogia shakespeariana<\/strong> endinsant-se de ple en un teatre f\u00edsic, po\u00e8tic, a voltes abstracte, a voltes terrenal.<\/p>\n<p>Una proposta on la coralitat, la can\u00e7\u00f3, l\u2019escenografia mutant i la viv\u00e8ncia ritual conjunta amb l\u2019espectador formen part del llenguatge esc\u00e8nic. <strong>Una posada en escena propera al teatre-dansa<\/strong>.<\/p>\n<p>En aquesta proposta dirigida i adaptada per <strong>Marc Chornet <\/strong>el vell Pr\u00f2sper, interpretat pel ballar\u00ed i core\u00f2graf <strong>V\u00edctor Rodrigo<\/strong>, viu en solitud, anys despr\u00e9s d\u2019haver retornat a Mil\u00e0, intentant recordar all\u00f2 que un dia fou la seva vida. <strong>Una mirada subjectiva cap a la pr\u00f2pia identitat i el seu passat en el moment vital en qu\u00e8 els records comencen a ser incoherents<\/strong> i la persona s\u2019adona que comen\u00e7a a perdre les seves capacitats.<\/p>\n<p><strong>L\u2019obra busca esbrinar la forma que tenen els records mitjan\u00e7ant els somnis<\/strong>, que poden tenir textura, olor, sensacions \u2026. <strong>amb una nova forma de fer teatre<\/strong>, la companyia arrisca amb <strong>un Shakespeare sense paraules i una posada en escena absolutament fascinant<\/strong>.<\/p>\n<p><strong>Presentat a dues bandes<\/strong> (nosaltres hem estat a la grada B) mostra una escenografia que permet visualitzar el pis on viu Pr\u00f2sper amb les diferents habitacions. L\u2019encertad\u00edssim disseny d\u2019espai i il\u00b7luminaci\u00f3 \u00e9s obra de <strong>Laura Clos<\/strong>.<\/p>\n<p>La m\u00fasica original i els arranjaments s\u00f3n obra de <strong>Neus P\u00e0mies<\/strong> que ens ha meravellat pel seu treball actoral i la seva extraordin\u00e0ria veu. En general, tota la m\u00fasica \u00e9s excel\u00b7lent i les interpretacions corals d\u2019una gran qualitat i bellesa.<\/p>\n<p>El moviment coreogr\u00e0fic de la m\u00e0 de V\u00edctor\u00a0 Rodrigo \u00e9s absolutament\u00a0hipn\u00f2tic\u00a0des de la primera escena, una coreografia on tot\u00a0est\u00e0\u00a0pensat al\u00a0mil\u00b7l\u00edmetre.<\/p>\n<p><strong>VAIG SER PR\u00d2SPER o\u00a0RECORDANT\u00a0LA TEMPESTA<\/strong>, \u00e9s poesia feta teatre, que ens ha captivat per la seva magn\u00edfica posada en escena i per les <strong>excel\u00b7lents interpretacions<\/strong> de <strong>Toni Guillemat<\/strong>, <strong>Cristina L\u00f3pez<\/strong>, <strong>Neus P\u00e0mies<\/strong>, <strong>V\u00edctor\u00a0Rodrigo<\/strong>, <strong>Mart\u00ed Salvat<\/strong>, <strong>Roser\u00a0T\u00e0pias<\/strong>\u00a0i <strong>Xavier Torra<\/strong>.<\/p>\n<p><strong>Una proposta que ens ha fascinat<\/strong> i que recomanem sense dubtar-ho.<\/p>\n<\/div>\n<\/div>[\/et_pb_testimonial][\/et_pb_column][\/et_pb_row][\/et_pb_section]\n","protected":false},"excerpt":{"rendered":"<p>2018<\/p>\n","protected":false},"author":2,"featured_media":1685,"comment_status":"closed","ping_status":"closed","template":"","meta":{"_et_pb_use_builder":"on","_et_pb_old_content":"","_et_gb_content_width":"","footnotes":""},"project_category":[16,17],"project_tag":[429],"class_list":["post-1283","project","type-project","status-publish","has-post-thumbnail","hentry","project_category-actor","project_category-coreografo","project_tag-cat"],"_links":{"self":[{"href":"http:\/\/victor-rodrigo.com\/vrodrigo\/wp-json\/wp\/v2\/project\/1283","targetHints":{"allow":["GET"]}}],"collection":[{"href":"http:\/\/victor-rodrigo.com\/vrodrigo\/wp-json\/wp\/v2\/project"}],"about":[{"href":"http:\/\/victor-rodrigo.com\/vrodrigo\/wp-json\/wp\/v2\/types\/project"}],"author":[{"embeddable":true,"href":"http:\/\/victor-rodrigo.com\/vrodrigo\/wp-json\/wp\/v2\/users\/2"}],"replies":[{"embeddable":true,"href":"http:\/\/victor-rodrigo.com\/vrodrigo\/wp-json\/wp\/v2\/comments?post=1283"}],"version-history":[{"count":70,"href":"http:\/\/victor-rodrigo.com\/vrodrigo\/wp-json\/wp\/v2\/project\/1283\/revisions"}],"predecessor-version":[{"id":4018,"href":"http:\/\/victor-rodrigo.com\/vrodrigo\/wp-json\/wp\/v2\/project\/1283\/revisions\/4018"}],"wp:featuredmedia":[{"embeddable":true,"href":"http:\/\/victor-rodrigo.com\/vrodrigo\/wp-json\/wp\/v2\/media\/1685"}],"wp:attachment":[{"href":"http:\/\/victor-rodrigo.com\/vrodrigo\/wp-json\/wp\/v2\/media?parent=1283"}],"wp:term":[{"taxonomy":"project_category","embeddable":true,"href":"http:\/\/victor-rodrigo.com\/vrodrigo\/wp-json\/wp\/v2\/project_category?post=1283"},{"taxonomy":"project_tag","embeddable":true,"href":"http:\/\/victor-rodrigo.com\/vrodrigo\/wp-json\/wp\/v2\/project_tag?post=1283"}],"curies":[{"name":"wp","href":"https:\/\/api.w.org\/{rel}","templated":true}]}}